{"id":191,"date":"2025-06-18T17:31:52","date_gmt":"2025-06-18T17:31:52","guid":{"rendered":"http:\/\/100.27.51.67\/?page_id=191"},"modified":"2026-04-16T08:59:19","modified_gmt":"2026-04-16T12:59:19","slug":"news-and-events","status":"publish","type":"page","link":"https:\/\/www.vompd.com\/es\/news-and-events\/","title":{"rendered":"Noticias y eventos"},"content":{"rendered":"<h1 class=\"wp-block-heading has-text-align-center\" style=\"padding-top:var(--wp--preset--spacing--60)\">Noticias y eventos<\/h1>\n\n\n\n<div class=\"wp-block-group has-theme-palette-3-background-color has-background\" style=\"border-radius:20px\"><div class=\"wp-block-group__inner-container is-layout-constrained wp-block-group-is-layout-constrained\">\n<h2 class=\"wp-block-heading has-text-align-center has-theme-palette-2-color has-text-color has-link-color wp-elements-3845eb2705026d690652189c4a00572c\">Nuevas publicaciones<\/h2>\n\n\n<div class=\"wp-block-kadence-posts kb-posts kb-posts-id-191_46f823-fb content-wrap grid-cols kb-posts-style-boxed grid-sm-col-2 grid-lg-col-3 item-image-style-above\"><article class=\"entry content-bg loop-entry post-3904 post type-post status-publish format-standard hentry category-press-release\">\n\t\t<div class=\"entry-content-wrap\">\n\t\t<header class=\"entry-header\">\n\t\t<div class=\"entry-taxonomies\">\n\t\t<span class=\"category-links term-links category-style-pill\">\n\t\t\t<a href=\"https:\/\/www.vompd.com\/es\/category\/press-release\/\" class=\"category-link-press-release\" rel=\"tag\">Presione soltar<\/a>\t\t<\/span>\n\t<\/div><!-- .entry-taxonomies -->\n\t<h2 class=\"entry-title\"><a href=\"https:\/\/www.vompd.com\/es\/p-r-04-19-2026-2026-no-empty-chair-teen-driving-safety-campaign-april-20th-april-24th\/\" rel=\"bookmark\">PR 19\/04\/2026 \u2013 Campa\u00f1a de seguridad vial para adolescentes &quot;Ninguna silla vac\u00eda&quot; 2026, del 20 al 24 de abril<\/a><\/h2>\t<div class=\"entry-meta entry-meta-divider-dot\">\n\t\t\t\t<span class=\"posted-on\">\n\t\t\t\t<time class=\"entry-date published\" datetime=\"2026-04-16T08:19:55-04:00\">16 de abril de 2026<\/time><time class=\"updated\" datetime=\"2026-04-16T08:21:10-04:00\">16 de abril de 2026<\/time>\t\t\t<\/span>\n\t\t\t\t<\/div><!-- .entry-meta -->\n\t<\/header><!-- .entry-header -->\n\t<div class=\"entry-summary\">\n\t\t\t<\/div><!-- .entry-summary -->\n\t<footer class=\"entry-footer\">\n\t\t\t<div class=\"entry-actions\">\n\t\t\t<p class=\"more-link-wrap\">\n\t\t\t\t<a href=\"https:\/\/www.vompd.com\/es\/p-r-04-19-2026-2026-no-empty-chair-teen-driving-safety-campaign-april-20th-april-24th\/\" class=\"post-more-link\">\n\t\t\t\t\tLeer m\u00e1s<span class=\"screen-reader-text\"> PR 19\/04\/2026 \u2013 Campa\u00f1a de seguridad vial para adolescentes &quot;Ninguna silla vac\u00eda&quot; 2026, del 20 al 24 de abril<\/span><span class=\"kadence-svg-iconset svg-baseline\"><svg aria-hidden=\"true\" class=\"kadence-svg-icon kadence-arrow-right-alt-svg\" fill=\"currentColor\" version=\"1.1\" xmlns=\"http:\/\/www.w3.org\/2000\/svg\" width=\"27\" height=\"28\" viewbox=\"0 0 27 28\"><title>Continuar<\/title><path d=\"M27 13.953c0 0.141-0.063 0.281-0.156 0.375l-6 5.531c-0.156 0.141-0.359 0.172-0.547 0.094-0.172-0.078-0.297-0.25-0.297-0.453v-3.5h-19.5c-0.281 0-0.5-0.219-0.5-0.5v-3c0-0.281 0.219-0.5 0.5-0.5h19.5v-3.5c0-0.203 0.109-0.375 0.297-0.453s0.391-0.047 0.547 0.078l6 5.469c0.094 0.094 0.156 0.219 0.156 0.359v0z\"><\/path>\n\t\t\t<\/svg><\/span>\t\t\t\t<\/a>\n\t\t\t<\/p>\n\t\t<\/div><!-- .entry-actions -->\n\t\t<\/footer><!-- .entry-footer -->\t<\/div>\n<\/article>\n<article class=\"entry content-bg loop-entry post-3899 post type-post status-publish format-standard hentry category-public-service-announcements\">\n\t\t<div class=\"entry-content-wrap\">\n\t\t<header class=\"entry-header\">\n\t\t<div class=\"entry-taxonomies\">\n\t\t<span class=\"category-links term-links category-style-pill\">\n\t\t\t<a href=\"https:\/\/www.vompd.com\/es\/category\/public-service-announcements\/\" class=\"category-link-public-service-announcements\" rel=\"tag\">Anuncios de servicio p\u00fablico<\/a>\t\t<\/span>\n\t<\/div><!-- .entry-taxonomies -->\n\t<h2 class=\"entry-title\"><a href=\"https:\/\/www.vompd.com\/es\/monthly-police-activity-report-march-2026\/\" rel=\"bookmark\">Informe mensual de actividad policial \u2013 marzo de 2026<\/a><\/h2>\t<div class=\"entry-meta entry-meta-divider-dot\">\n\t\t\t\t<span class=\"posted-on\">\n\t\t\t\t<time class=\"entry-date published updated\" datetime=\"2026-04-14T08:25:56-04:00\">14 de abril de 2026<\/time>\t\t\t<\/span>\n\t\t\t\t<\/div><!-- .entry-meta -->\n\t<\/header><!-- .entry-header -->\n\t<div class=\"entry-summary\">\n\t\t\t<\/div><!-- .entry-summary -->\n\t<footer class=\"entry-footer\">\n\t\t\t<div class=\"entry-actions\">\n\t\t\t<p class=\"more-link-wrap\">\n\t\t\t\t<a href=\"https:\/\/www.vompd.com\/es\/monthly-police-activity-report-march-2026\/\" class=\"post-more-link\">\n\t\t\t\t\tLeer m\u00e1s<span class=\"screen-reader-text\"> Informe mensual de actividad policial \u2013 marzo de 2026<\/span><span class=\"kadence-svg-iconset svg-baseline\"><svg aria-hidden=\"true\" class=\"kadence-svg-icon kadence-arrow-right-alt-svg\" fill=\"currentColor\" version=\"1.1\" xmlns=\"http:\/\/www.w3.org\/2000\/svg\" width=\"27\" height=\"28\" viewbox=\"0 0 27 28\"><title>Continuar<\/title><path d=\"M27 13.953c0 0.141-0.063 0.281-0.156 0.375l-6 5.531c-0.156 0.141-0.359 0.172-0.547 0.094-0.172-0.078-0.297-0.25-0.297-0.453v-3.5h-19.5c-0.281 0-0.5-0.219-0.5-0.5v-3c0-0.281 0.219-0.5 0.5-0.5h19.5v-3.5c0-0.203 0.109-0.375 0.297-0.453s0.391-0.047 0.547 0.078l6 5.469c0.094 0.094 0.156 0.219 0.156 0.359v0z\"><\/path>\n\t\t\t<\/svg><\/span>\t\t\t\t<\/a>\n\t\t\t<\/p>\n\t\t<\/div><!-- .entry-actions -->\n\t\t<\/footer><!-- .entry-footer -->\t<\/div>\n<\/article>\n<article class=\"entry content-bg loop-entry post-3889 post type-post status-publish format-standard has-post-thumbnail hentry category-public-service-announcements\">\n\t\t\t<a class=\"post-thumbnail kadence-thumbnail-ratio-2-3\" href=\"https:\/\/www.vompd.com\/es\/leaf-blower-law-reminder\/\">\n\t\t\t<div class=\"post-thumbnail-inner\">\n\t\t\t\t<img loading=\"lazy\" decoding=\"async\" width=\"768\" height=\"1152\" src=\"https:\/\/www.vompd.com\/wp-content\/uploads\/2026\/04\/Leaf-Blower-Law-Flyer-768x1152.png\" class=\"attachment-medium_large size-medium_large wp-post-image\" alt=\"Leaf Blower Law Reminder\" srcset=\"https:\/\/www.vompd.com\/wp-content\/uploads\/2026\/04\/Leaf-Blower-Law-Flyer-768x1152.png 768w, https:\/\/www.vompd.com\/wp-content\/uploads\/2026\/04\/Leaf-Blower-Law-Flyer-200x300.png 200w, https:\/\/www.vompd.com\/wp-content\/uploads\/2026\/04\/Leaf-Blower-Law-Flyer-683x1024.png 683w, https:\/\/www.vompd.com\/wp-content\/uploads\/2026\/04\/Leaf-Blower-Law-Flyer-8x12.png 8w, https:\/\/www.vompd.com\/wp-content\/uploads\/2026\/04\/Leaf-Blower-Law-Flyer.png 1024w\" sizes=\"auto, (max-width: 768px) 100vw, 768px\" \/>\t\t\t<\/div>\n\t\t<\/a><!-- .post-thumbnail -->\n\t\t\t<div class=\"entry-content-wrap\">\n\t\t<header class=\"entry-header\">\n\t\t<div class=\"entry-taxonomies\">\n\t\t<span class=\"category-links term-links category-style-pill\">\n\t\t\t<a href=\"https:\/\/www.vompd.com\/es\/category\/public-service-announcements\/\" class=\"category-link-public-service-announcements\" rel=\"tag\">Anuncios de servicio p\u00fablico<\/a>\t\t<\/span>\n\t<\/div><!-- .entry-taxonomies -->\n\t<h2 class=\"entry-title\"><a href=\"https:\/\/www.vompd.com\/es\/leaf-blower-law-reminder\/\" rel=\"bookmark\">Recordatorio sobre la ley de sopladores de hojas<\/a><\/h2>\t<div class=\"entry-meta entry-meta-divider-dot\">\n\t\t\t\t<span class=\"posted-on\">\n\t\t\t\t<time class=\"entry-date published\" datetime=\"2026-04-08T08:44:07-04:00\">8 de abril de 2026<\/time><time class=\"updated\" datetime=\"2026-04-08T08:45:54-04:00\">8 de abril de 2026<\/time>\t\t\t<\/span>\n\t\t\t\t<\/div><!-- .entry-meta -->\n\t<\/header><!-- .entry-header -->\n\t<div class=\"entry-summary\">\n\t\t<p>Con la llegada del clima m\u00e1s c\u00e1lido, el pueblo de Mamaroneck recuerda a todos los residentes, jardineros y propietarios de propiedades\u2026<\/p>\n\t<\/div><!-- .entry-summary -->\n\t<footer class=\"entry-footer\">\n\t\t\t<div class=\"entry-actions\">\n\t\t\t<p class=\"more-link-wrap\">\n\t\t\t\t<a href=\"https:\/\/www.vompd.com\/es\/leaf-blower-law-reminder\/\" class=\"post-more-link\">\n\t\t\t\t\tLeer m\u00e1s<span class=\"screen-reader-text\"> Recordatorio sobre la ley de sopladores de hojas<\/span><span class=\"kadence-svg-iconset svg-baseline\"><svg aria-hidden=\"true\" class=\"kadence-svg-icon kadence-arrow-right-alt-svg\" fill=\"currentColor\" version=\"1.1\" xmlns=\"http:\/\/www.w3.org\/2000\/svg\" width=\"27\" height=\"28\" viewbox=\"0 0 27 28\"><title>Continuar<\/title><path d=\"M27 13.953c0 0.141-0.063 0.281-0.156 0.375l-6 5.531c-0.156 0.141-0.359 0.172-0.547 0.094-0.172-0.078-0.297-0.25-0.297-0.453v-3.5h-19.5c-0.281 0-0.5-0.219-0.5-0.5v-3c0-0.281 0.219-0.5 0.5-0.5h19.5v-3.5c0-0.203 0.109-0.375 0.297-0.453s0.391-0.047 0.547 0.078l6 5.469c0.094 0.094 0.156 0.219 0.156 0.359v0z\"><\/path>\n\t\t\t<\/svg><\/span>\t\t\t\t<\/a>\n\t\t\t<\/p>\n\t\t<\/div><!-- .entry-actions -->\n\t\t<\/footer><!-- .entry-footer -->\t<\/div>\n<\/article>\n<\/div><\/div><\/div>\n\n\n\n<div class=\"wp-block-group\"><div class=\"wp-block-group__inner-container is-layout-constrained wp-block-group-is-layout-constrained\"><form role=\"search\" method=\"get\" action=\"https:\/\/www.vompd.com\/es\/\" style=\"margin-top:0;margin-bottom:0;margin-left:0;margin-right:0;\" class=\"wp-block-search__button-inside wp-block-search__icon-button aligncenter wp-block-search\" data-trp-original-action=\"https:\/\/www.vompd.com\/es\/\"    ><label class=\"wp-block-search__label screen-reader-text\" for=\"wp-block-search__input-1\" ><strong>Buscar todas las publicaciones<\/strong><\/label><div class=\"wp-block-search__inside-wrapper\"  style=\"width: 50%\"><input class=\"wp-block-search__input\" id=\"wp-block-search__input-1\" placeholder=\"Buscar todas las publicaciones\" value=\"\" type=\"search\" name=\"s\" required \/><button aria-label=\"Buscar\" class=\"wp-block-search__button has-text-color has-theme-palette3-color has-background has-theme-palette7-background-color has-icon wp-element-button\" type=\"submit\" ><svg class=\"search-icon\" viewbox=\"0 0 24 24\" width=\"24\" height=\"24\">\n\t\t\t\t\t<path d=\"M13 5c-3.3 0-6 2.7-6 6 0 1.4.5 2.7 1.3 3.7l-3.8 3.8 1.1 1.1 3.8-3.8c1 .8 2.3 1.3 3.7 1.3 3.3 0 6-2.7 6-6S16.3 5 13 5zm0 10.5c-2.5 0-4.5-2-4.5-4.5s2-4.5 4.5-4.5 4.5 2 4.5 4.5-2 4.5-4.5 4.5z\"><\/path>\n\t\t\t\t<\/svg><\/button><\/div><input type=\"hidden\" name=\"trp-form-language\" value=\"es\"\/><\/form><\/div><\/div>\n\n\n\n<div class=\"wp-block-group has-theme-palette-7-background-color has-background\"><div class=\"wp-block-group__inner-container is-layout-constrained wp-block-group-is-layout-constrained\">\n<h2 class=\"wp-block-heading\"><a href=\"https:\/\/www.vompd.com\/es\/category\/public-service-announcements\/\" data-type=\"category\" data-id=\"6\">Anuncios de servicio p\u00fablico<\/a><\/h2>\n\n\n<div class=\"wp-block-kadence-posts kb-posts kb-posts-id-191_a43282-77 content-wrap grid-cols kb-posts-style-boxed grid-sm-col-2 grid-lg-col-3 item-image-style-above\"><article class=\"entry content-bg loop-entry post-3899 post type-post status-publish format-standard hentry category-public-service-announcements\">\n\t\t<div class=\"entry-content-wrap\">\n\t\t<header class=\"entry-header\">\n\t\t<div class=\"entry-taxonomies\">\n\t\t<span class=\"category-links term-links category-style-pill\">\n\t\t\t<a href=\"https:\/\/www.vompd.com\/es\/category\/public-service-announcements\/\" class=\"category-link-public-service-announcements\" rel=\"tag\">Anuncios de servicio p\u00fablico<\/a>\t\t<\/span>\n\t<\/div><!-- .entry-taxonomies -->\n\t<h2 class=\"entry-title\"><a href=\"https:\/\/www.vompd.com\/es\/monthly-police-activity-report-march-2026\/\" rel=\"bookmark\">Informe mensual de actividad policial \u2013 marzo de 2026<\/a><\/h2>\t<div class=\"entry-meta entry-meta-divider-dot\">\n\t\t\t\t<span class=\"posted-on\">\n\t\t\t\t<time class=\"entry-date published updated\" datetime=\"2026-04-14T08:25:56-04:00\">14 de abril de 2026<\/time>\t\t\t<\/span>\n\t\t\t\t<\/div><!-- .entry-meta -->\n\t<\/header><!-- .entry-header -->\n\t<div class=\"entry-summary\">\n\t\t\t<\/div><!-- .entry-summary -->\n\t<footer class=\"entry-footer\">\n\t\t\t<div class=\"entry-actions\">\n\t\t\t<p class=\"more-link-wrap\">\n\t\t\t\t<a href=\"https:\/\/www.vompd.com\/es\/monthly-police-activity-report-march-2026\/\" class=\"post-more-link\">\n\t\t\t\t\tLeer m\u00e1s<span class=\"screen-reader-text\"> Informe mensual de actividad policial \u2013 marzo de 2026<\/span><span class=\"kadence-svg-iconset svg-baseline\"><svg aria-hidden=\"true\" class=\"kadence-svg-icon kadence-arrow-right-alt-svg\" fill=\"currentColor\" version=\"1.1\" xmlns=\"http:\/\/www.w3.org\/2000\/svg\" width=\"27\" height=\"28\" viewbox=\"0 0 27 28\"><title>Continuar<\/title><path d=\"M27 13.953c0 0.141-0.063 0.281-0.156 0.375l-6 5.531c-0.156 0.141-0.359 0.172-0.547 0.094-0.172-0.078-0.297-0.25-0.297-0.453v-3.5h-19.5c-0.281 0-0.5-0.219-0.5-0.5v-3c0-0.281 0.219-0.5 0.5-0.5h19.5v-3.5c0-0.203 0.109-0.375 0.297-0.453s0.391-0.047 0.547 0.078l6 5.469c0.094 0.094 0.156 0.219 0.156 0.359v0z\"><\/path>\n\t\t\t<\/svg><\/span>\t\t\t\t<\/a>\n\t\t\t<\/p>\n\t\t<\/div><!-- .entry-actions -->\n\t\t<\/footer><!-- .entry-footer -->\t<\/div>\n<\/article>\n<article class=\"entry content-bg loop-entry post-3889 post type-post status-publish format-standard has-post-thumbnail hentry category-public-service-announcements\">\n\t\t\t<a class=\"post-thumbnail kadence-thumbnail-ratio-2-3\" href=\"https:\/\/www.vompd.com\/es\/leaf-blower-law-reminder\/\">\n\t\t\t<div class=\"post-thumbnail-inner\">\n\t\t\t\t<img loading=\"lazy\" decoding=\"async\" width=\"768\" height=\"1152\" src=\"https:\/\/www.vompd.com\/wp-content\/uploads\/2026\/04\/Leaf-Blower-Law-Flyer-768x1152.png\" class=\"attachment-medium_large size-medium_large wp-post-image\" alt=\"Leaf Blower Law Reminder\" srcset=\"https:\/\/www.vompd.com\/wp-content\/uploads\/2026\/04\/Leaf-Blower-Law-Flyer-768x1152.png 768w, https:\/\/www.vompd.com\/wp-content\/uploads\/2026\/04\/Leaf-Blower-Law-Flyer-200x300.png 200w, https:\/\/www.vompd.com\/wp-content\/uploads\/2026\/04\/Leaf-Blower-Law-Flyer-683x1024.png 683w, https:\/\/www.vompd.com\/wp-content\/uploads\/2026\/04\/Leaf-Blower-Law-Flyer-8x12.png 8w, https:\/\/www.vompd.com\/wp-content\/uploads\/2026\/04\/Leaf-Blower-Law-Flyer.png 1024w\" sizes=\"auto, (max-width: 768px) 100vw, 768px\" \/>\t\t\t<\/div>\n\t\t<\/a><!-- .post-thumbnail -->\n\t\t\t<div class=\"entry-content-wrap\">\n\t\t<header class=\"entry-header\">\n\t\t<div class=\"entry-taxonomies\">\n\t\t<span class=\"category-links term-links category-style-pill\">\n\t\t\t<a href=\"https:\/\/www.vompd.com\/es\/category\/public-service-announcements\/\" class=\"category-link-public-service-announcements\" rel=\"tag\">Anuncios de servicio p\u00fablico<\/a>\t\t<\/span>\n\t<\/div><!-- .entry-taxonomies -->\n\t<h2 class=\"entry-title\"><a href=\"https:\/\/www.vompd.com\/es\/leaf-blower-law-reminder\/\" rel=\"bookmark\">Recordatorio sobre la ley de sopladores de hojas<\/a><\/h2>\t<div class=\"entry-meta entry-meta-divider-dot\">\n\t\t\t\t<span class=\"posted-on\">\n\t\t\t\t<time class=\"entry-date published\" datetime=\"2026-04-08T08:44:07-04:00\">8 de abril de 2026<\/time><time class=\"updated\" datetime=\"2026-04-08T08:45:54-04:00\">8 de abril de 2026<\/time>\t\t\t<\/span>\n\t\t\t\t<\/div><!-- .entry-meta -->\n\t<\/header><!-- .entry-header -->\n\t<div class=\"entry-summary\">\n\t\t<p>Con la llegada del clima m\u00e1s c\u00e1lido, el pueblo de Mamaroneck recuerda a todos los residentes, jardineros y propietarios de propiedades\u2026<\/p>\n\t<\/div><!-- .entry-summary -->\n\t<footer class=\"entry-footer\">\n\t\t\t<div class=\"entry-actions\">\n\t\t\t<p class=\"more-link-wrap\">\n\t\t\t\t<a href=\"https:\/\/www.vompd.com\/es\/leaf-blower-law-reminder\/\" class=\"post-more-link\">\n\t\t\t\t\tLeer m\u00e1s<span class=\"screen-reader-text\"> Recordatorio sobre la ley de sopladores de hojas<\/span><span class=\"kadence-svg-iconset svg-baseline\"><svg aria-hidden=\"true\" class=\"kadence-svg-icon kadence-arrow-right-alt-svg\" fill=\"currentColor\" version=\"1.1\" xmlns=\"http:\/\/www.w3.org\/2000\/svg\" width=\"27\" height=\"28\" viewbox=\"0 0 27 28\"><title>Continuar<\/title><path d=\"M27 13.953c0 0.141-0.063 0.281-0.156 0.375l-6 5.531c-0.156 0.141-0.359 0.172-0.547 0.094-0.172-0.078-0.297-0.25-0.297-0.453v-3.5h-19.5c-0.281 0-0.5-0.219-0.5-0.5v-3c0-0.281 0.219-0.5 0.5-0.5h19.5v-3.5c0-0.203 0.109-0.375 0.297-0.453s0.391-0.047 0.547 0.078l6 5.469c0.094 0.094 0.156 0.219 0.156 0.359v0z\"><\/path>\n\t\t\t<\/svg><\/span>\t\t\t\t<\/a>\n\t\t\t<\/p>\n\t\t<\/div><!-- .entry-actions -->\n\t\t<\/footer><!-- .entry-footer -->\t<\/div>\n<\/article>\n<article class=\"entry content-bg loop-entry post-3886 post type-post status-publish format-standard has-post-thumbnail hentry category-public-service-announcements\">\n\t\t\t<a class=\"post-thumbnail kadence-thumbnail-ratio-2-3\" href=\"https:\/\/www.vompd.com\/es\/youth-detectives-bicycle-unit-visit-mamaroneck-avenue-school\/\">\n\t\t\t<div class=\"post-thumbnail-inner\">\n\t\t\t\t<img loading=\"lazy\" decoding=\"async\" width=\"564\" height=\"319\" src=\"https:\/\/www.vompd.com\/wp-content\/uploads\/2026\/04\/Bike-Safety-at-MAS-032726.jpg\" class=\"attachment-medium_large size-medium_large wp-post-image\" alt=\"Youth Detectives &amp; Bicycle Unit Visit Mamaroneck Avenue School\" srcset=\"https:\/\/www.vompd.com\/wp-content\/uploads\/2026\/04\/Bike-Safety-at-MAS-032726.jpg 564w, https:\/\/www.vompd.com\/wp-content\/uploads\/2026\/04\/Bike-Safety-at-MAS-032726-300x170.jpg 300w, https:\/\/www.vompd.com\/wp-content\/uploads\/2026\/04\/Bike-Safety-at-MAS-032726-18x10.jpg 18w\" sizes=\"auto, (max-width: 564px) 100vw, 564px\" \/>\t\t\t<\/div>\n\t\t<\/a><!-- .post-thumbnail -->\n\t\t\t<div class=\"entry-content-wrap\">\n\t\t<header class=\"entry-header\">\n\t\t<div class=\"entry-taxonomies\">\n\t\t<span class=\"category-links term-links category-style-pill\">\n\t\t\t<a href=\"https:\/\/www.vompd.com\/es\/category\/public-service-announcements\/\" class=\"category-link-public-service-announcements\" rel=\"tag\">Anuncios de servicio p\u00fablico<\/a>\t\t<\/span>\n\t<\/div><!-- .entry-taxonomies -->\n\t<h2 class=\"entry-title\"><a href=\"https:\/\/www.vompd.com\/es\/youth-detectives-bicycle-unit-visit-mamaroneck-avenue-school\/\" rel=\"bookmark\">Detectives juveniles y unidad ciclista visitan la escuela de Mamaroneck Avenue.<\/a><\/h2>\t<div class=\"entry-meta entry-meta-divider-dot\">\n\t\t\t\t<span class=\"posted-on\">\n\t\t\t\t<time class=\"entry-date published\" datetime=\"2026-04-02T11:52:05-04:00\">2 de abril de 2026<\/time><time class=\"updated\" datetime=\"2026-04-02T11:54:46-04:00\">2 de abril de 2026<\/time>\t\t\t<\/span>\n\t\t\t\t<\/div><!-- .entry-meta -->\n\t<\/header><!-- .entry-header -->\n\t<div class=\"entry-summary\">\n\t\t<p>Nuestros j\u00f3venes detectives y agentes de la Unidad Ciclista visitaron recientemente la escuela de Mamaroneck Avenue\u2026<\/p>\n\t<\/div><!-- .entry-summary -->\n\t<footer class=\"entry-footer\">\n\t\t\t<div class=\"entry-actions\">\n\t\t\t<p class=\"more-link-wrap\">\n\t\t\t\t<a href=\"https:\/\/www.vompd.com\/es\/youth-detectives-bicycle-unit-visit-mamaroneck-avenue-school\/\" class=\"post-more-link\">\n\t\t\t\t\tLeer m\u00e1s<span class=\"screen-reader-text\"> Detectives juveniles y unidad ciclista visitan la escuela de Mamaroneck Avenue.<\/span><span class=\"kadence-svg-iconset svg-baseline\"><svg aria-hidden=\"true\" class=\"kadence-svg-icon kadence-arrow-right-alt-svg\" fill=\"currentColor\" version=\"1.1\" xmlns=\"http:\/\/www.w3.org\/2000\/svg\" width=\"27\" height=\"28\" viewbox=\"0 0 27 28\"><title>Continuar<\/title><path d=\"M27 13.953c0 0.141-0.063 0.281-0.156 0.375l-6 5.531c-0.156 0.141-0.359 0.172-0.547 0.094-0.172-0.078-0.297-0.25-0.297-0.453v-3.5h-19.5c-0.281 0-0.5-0.219-0.5-0.5v-3c0-0.281 0.219-0.5 0.5-0.5h19.5v-3.5c0-0.203 0.109-0.375 0.297-0.453s0.391-0.047 0.547 0.078l6 5.469c0.094 0.094 0.156 0.219 0.156 0.359v0z\"><\/path>\n\t\t\t<\/svg><\/span>\t\t\t\t<\/a>\n\t\t\t<\/p>\n\t\t<\/div><!-- .entry-actions -->\n\t\t<\/footer><!-- .entry-footer -->\t<\/div>\n<\/article>\n<article class=\"entry content-bg loop-entry post-3876 post type-post status-publish format-standard has-post-thumbnail hentry category-public-service-announcements\">\n\t\t\t<a class=\"post-thumbnail kadence-thumbnail-ratio-2-3\" href=\"https:\/\/www.vompd.com\/es\/street-cleaning-season-begins-april-1st\/\">\n\t\t\t<div class=\"post-thumbnail-inner\">\n\t\t\t\t<img loading=\"lazy\" decoding=\"async\" width=\"480\" height=\"706\" src=\"https:\/\/www.vompd.com\/wp-content\/uploads\/2026\/03\/Street-cleaning-flyer-4-1-to-10-31.png\" class=\"attachment-medium_large size-medium_large wp-post-image\" alt=\"Street Cleaning Season Begins April 1st\" srcset=\"https:\/\/www.vompd.com\/wp-content\/uploads\/2026\/03\/Street-cleaning-flyer-4-1-to-10-31.png 480w, https:\/\/www.vompd.com\/wp-content\/uploads\/2026\/03\/Street-cleaning-flyer-4-1-to-10-31-204x300.png 204w, https:\/\/www.vompd.com\/wp-content\/uploads\/2026\/03\/Street-cleaning-flyer-4-1-to-10-31-8x12.png 8w\" sizes=\"auto, (max-width: 480px) 100vw, 480px\" \/>\t\t\t<\/div>\n\t\t<\/a><!-- .post-thumbnail -->\n\t\t\t<div class=\"entry-content-wrap\">\n\t\t<header class=\"entry-header\">\n\t\t<div class=\"entry-taxonomies\">\n\t\t<span class=\"category-links term-links category-style-pill\">\n\t\t\t<a href=\"https:\/\/www.vompd.com\/es\/category\/public-service-announcements\/\" class=\"category-link-public-service-announcements\" rel=\"tag\">Anuncios de servicio p\u00fablico<\/a>\t\t<\/span>\n\t<\/div><!-- .entry-taxonomies -->\n\t<h2 class=\"entry-title\"><a href=\"https:\/\/www.vompd.com\/es\/street-cleaning-season-begins-april-1st\/\" rel=\"bookmark\">La temporada de limpieza de calles comienza el 1 de abril.<\/a><\/h2>\t<div class=\"entry-meta entry-meta-divider-dot\">\n\t\t\t\t<span class=\"posted-on\">\n\t\t\t\t<time class=\"entry-date published\" datetime=\"2026-03-31T08:22:55-04:00\">31 de marzo de 2026<\/time><time class=\"updated\" datetime=\"2026-03-31T08:22:56-04:00\">31 de marzo de 2026<\/time>\t\t\t<\/span>\n\t\t\t\t<\/div><!-- .entry-meta -->\n\t<\/header><!-- .entry-header -->\n\t<div class=\"entry-summary\">\n\t\t<p>La limpieza de calles est\u00e1 en marcha en el pueblo de Mamaroneck desde ahora hasta el 31 de octubre. Por favor\u2026<\/p>\n\t<\/div><!-- .entry-summary -->\n\t<footer class=\"entry-footer\">\n\t\t\t<div class=\"entry-actions\">\n\t\t\t<p class=\"more-link-wrap\">\n\t\t\t\t<a href=\"https:\/\/www.vompd.com\/es\/street-cleaning-season-begins-april-1st\/\" class=\"post-more-link\">\n\t\t\t\t\tLeer m\u00e1s<span class=\"screen-reader-text\"> La temporada de limpieza de calles comienza el 1 de abril.<\/span><span class=\"kadence-svg-iconset svg-baseline\"><svg aria-hidden=\"true\" class=\"kadence-svg-icon kadence-arrow-right-alt-svg\" fill=\"currentColor\" version=\"1.1\" xmlns=\"http:\/\/www.w3.org\/2000\/svg\" width=\"27\" height=\"28\" viewbox=\"0 0 27 28\"><title>Continuar<\/title><path d=\"M27 13.953c0 0.141-0.063 0.281-0.156 0.375l-6 5.531c-0.156 0.141-0.359 0.172-0.547 0.094-0.172-0.078-0.297-0.25-0.297-0.453v-3.5h-19.5c-0.281 0-0.5-0.219-0.5-0.5v-3c0-0.281 0.219-0.5 0.5-0.5h19.5v-3.5c0-0.203 0.109-0.375 0.297-0.453s0.391-0.047 0.547 0.078l6 5.469c0.094 0.094 0.156 0.219 0.156 0.359v0z\"><\/path>\n\t\t\t<\/svg><\/span>\t\t\t\t<\/a>\n\t\t\t<\/p>\n\t\t<\/div><!-- .entry-actions -->\n\t\t<\/footer><!-- .entry-footer -->\t<\/div>\n<\/article>\n<article class=\"entry content-bg loop-entry post-3873 post type-post status-publish format-standard has-post-thumbnail hentry category-public-service-announcements\">\n\t\t\t<a class=\"post-thumbnail kadence-thumbnail-ratio-2-3\" href=\"https:\/\/www.vompd.com\/es\/central-mount-vernon-spanish-seventh-day-advent-church-parishioners-visit-vmpd\/\">\n\t\t\t<div class=\"post-thumbnail-inner\">\n\t\t\t\t<img loading=\"lazy\" decoding=\"async\" width=\"640\" height=\"480\" src=\"https:\/\/www.vompd.com\/wp-content\/uploads\/2026\/03\/Church_Group.jpg\" class=\"attachment-medium_large size-medium_large wp-post-image\" alt=\"Central Mount Vernon Spanish Seventh Day Advent Church Parishioners visit VMPD\" srcset=\"https:\/\/www.vompd.com\/wp-content\/uploads\/2026\/03\/Church_Group.jpg 640w, https:\/\/www.vompd.com\/wp-content\/uploads\/2026\/03\/Church_Group-300x225.jpg 300w, https:\/\/www.vompd.com\/wp-content\/uploads\/2026\/03\/Church_Group-16x12.jpg 16w\" sizes=\"auto, (max-width: 640px) 100vw, 640px\" \/>\t\t\t<\/div>\n\t\t<\/a><!-- .post-thumbnail -->\n\t\t\t<div class=\"entry-content-wrap\">\n\t\t<header class=\"entry-header\">\n\t\t<div class=\"entry-taxonomies\">\n\t\t<span class=\"category-links term-links category-style-pill\">\n\t\t\t<a href=\"https:\/\/www.vompd.com\/es\/category\/public-service-announcements\/\" class=\"category-link-public-service-announcements\" rel=\"tag\">Anuncios de servicio p\u00fablico<\/a>\t\t<\/span>\n\t<\/div><!-- .entry-taxonomies -->\n\t<h2 class=\"entry-title\"><a href=\"https:\/\/www.vompd.com\/es\/central-mount-vernon-spanish-seventh-day-advent-church-parishioners-visit-vmpd\/\" rel=\"bookmark\">Los feligreses de la Iglesia Adventista del S\u00e9ptimo D\u00eda Hispana de Central Mount Vernon visitan la polic\u00eda de Mount Vernon (VMPD).<\/a><\/h2>\t<div class=\"entry-meta entry-meta-divider-dot\">\n\t\t\t\t<span class=\"posted-on\">\n\t\t\t\t<time class=\"entry-date published\" datetime=\"2026-03-24T12:44:12-04:00\">24 de marzo de 2026<\/time><time class=\"updated\" datetime=\"2026-03-24T12:44:13-04:00\">24 de marzo de 2026<\/time>\t\t\t<\/span>\n\t\t\t\t<\/div><!-- .entry-meta -->\n\t<\/header><!-- .entry-header -->\n\t<div class=\"entry-summary\">\n\t\t<p>Nos complaci\u00f3 dar la bienvenida a los feligreses de la Iglesia Hispana del S\u00e9ptimo D\u00eda de Central Mount Vernon\u2026<\/p>\n\t<\/div><!-- .entry-summary -->\n\t<footer class=\"entry-footer\">\n\t\t\t<div class=\"entry-actions\">\n\t\t\t<p class=\"more-link-wrap\">\n\t\t\t\t<a href=\"https:\/\/www.vompd.com\/es\/central-mount-vernon-spanish-seventh-day-advent-church-parishioners-visit-vmpd\/\" class=\"post-more-link\">\n\t\t\t\t\tLeer m\u00e1s<span class=\"screen-reader-text\"> Los feligreses de la Iglesia Adventista del S\u00e9ptimo D\u00eda Hispana de Central Mount Vernon visitan la polic\u00eda de Mount Vernon (VMPD).<\/span><span class=\"kadence-svg-iconset svg-baseline\"><svg aria-hidden=\"true\" class=\"kadence-svg-icon kadence-arrow-right-alt-svg\" fill=\"currentColor\" version=\"1.1\" xmlns=\"http:\/\/www.w3.org\/2000\/svg\" width=\"27\" height=\"28\" viewbox=\"0 0 27 28\"><title>Continuar<\/title><path d=\"M27 13.953c0 0.141-0.063 0.281-0.156 0.375l-6 5.531c-0.156 0.141-0.359 0.172-0.547 0.094-0.172-0.078-0.297-0.25-0.297-0.453v-3.5h-19.5c-0.281 0-0.5-0.219-0.5-0.5v-3c0-0.281 0.219-0.5 0.5-0.5h19.5v-3.5c0-0.203 0.109-0.375 0.297-0.453s0.391-0.047 0.547 0.078l6 5.469c0.094 0.094 0.156 0.219 0.156 0.359v0z\"><\/path>\n\t\t\t<\/svg><\/span>\t\t\t\t<\/a>\n\t\t\t<\/p>\n\t\t<\/div><!-- .entry-actions -->\n\t\t<\/footer><!-- .entry-footer -->\t<\/div>\n<\/article>\n<article class=\"entry content-bg loop-entry post-3861 post type-post status-publish format-standard hentry category-public-service-announcements\">\n\t\t<div class=\"entry-content-wrap\">\n\t\t<header class=\"entry-header\">\n\t\t<div class=\"entry-taxonomies\">\n\t\t<span class=\"category-links term-links category-style-pill\">\n\t\t\t<a href=\"https:\/\/www.vompd.com\/es\/category\/public-service-announcements\/\" class=\"category-link-public-service-announcements\" rel=\"tag\">Anuncios de servicio p\u00fablico<\/a>\t\t<\/span>\n\t<\/div><!-- .entry-taxonomies -->\n\t<h2 class=\"entry-title\"><a href=\"https:\/\/www.vompd.com\/es\/monthly-police-activity-report-february-2026\/\" rel=\"bookmark\">Informe mensual de actividad policial \u2013 febrero de 2026<\/a><\/h2>\t<div class=\"entry-meta entry-meta-divider-dot\">\n\t\t\t\t<span class=\"posted-on\">\n\t\t\t\t<time class=\"entry-date published\" datetime=\"2026-03-09T13:43:01-04:00\">9 de marzo de 2026<\/time><time class=\"updated\" datetime=\"2026-03-16T08:26:19-04:00\">16 de marzo de 2026<\/time>\t\t\t<\/span>\n\t\t\t\t<\/div><!-- .entry-meta -->\n\t<\/header><!-- .entry-header -->\n\t<div class=\"entry-summary\">\n\t\t\t<\/div><!-- .entry-summary -->\n\t<footer class=\"entry-footer\">\n\t\t\t<div class=\"entry-actions\">\n\t\t\t<p class=\"more-link-wrap\">\n\t\t\t\t<a href=\"https:\/\/www.vompd.com\/es\/monthly-police-activity-report-february-2026\/\" class=\"post-more-link\">\n\t\t\t\t\tLeer m\u00e1s<span class=\"screen-reader-text\"> Informe mensual de actividad policial \u2013 febrero de 2026<\/span><span class=\"kadence-svg-iconset svg-baseline\"><svg aria-hidden=\"true\" class=\"kadence-svg-icon kadence-arrow-right-alt-svg\" fill=\"currentColor\" version=\"1.1\" xmlns=\"http:\/\/www.w3.org\/2000\/svg\" width=\"27\" height=\"28\" viewbox=\"0 0 27 28\"><title>Continuar<\/title><path d=\"M27 13.953c0 0.141-0.063 0.281-0.156 0.375l-6 5.531c-0.156 0.141-0.359 0.172-0.547 0.094-0.172-0.078-0.297-0.25-0.297-0.453v-3.5h-19.5c-0.281 0-0.5-0.219-0.5-0.5v-3c0-0.281 0.219-0.5 0.5-0.5h19.5v-3.5c0-0.203 0.109-0.375 0.297-0.453s0.391-0.047 0.547 0.078l6 5.469c0.094 0.094 0.156 0.219 0.156 0.359v0z\"><\/path>\n\t\t\t<\/svg><\/span>\t\t\t\t<\/a>\n\t\t\t<\/p>\n\t\t<\/div><!-- .entry-actions -->\n\t\t<\/footer><!-- .entry-footer -->\t<\/div>\n<\/article>\n<\/div>\n\n\n<p class=\"has-text-align-right has-medium-font-size\" style=\"margin-top:var(--wp--preset--spacing--30);margin-bottom:var(--wp--preset--spacing--30)\"><a href=\"https:\/\/www.vompd.com\/es\/category\/press-release\/\" data-type=\"category\" data-id=\"4\"><strong>Ver todos los anuncios de servicio p\u00fablico<\/strong><\/a><\/p>\n<\/div><\/div>\n\n\n\n<div class=\"wp-block-group has-theme-palette-7-background-color has-background\"><div class=\"wp-block-group__inner-container is-layout-constrained wp-block-group-is-layout-constrained\">\n<h2 class=\"wp-block-heading\"><a href=\"https:\/\/www.vompd.com\/es\/category\/press-release\/\" data-type=\"category\" data-id=\"4\">Comunicados de prensa<\/a><\/h2>\n\n\n<div class=\"wp-block-kadence-posts kb-posts kb-posts-id-191_775982-1d content-wrap grid-cols kb-posts-style-boxed grid-sm-col-2 grid-lg-col-3 item-image-style-above\"><article class=\"entry content-bg loop-entry post-3904 post type-post status-publish format-standard hentry category-press-release\">\n\t\t<div class=\"entry-content-wrap\">\n\t\t<header class=\"entry-header\">\n\t\t<div class=\"entry-taxonomies\">\n\t\t<span class=\"category-links term-links category-style-pill\">\n\t\t\t<a href=\"https:\/\/www.vompd.com\/es\/category\/press-release\/\" class=\"category-link-press-release\" rel=\"tag\">Presione soltar<\/a>\t\t<\/span>\n\t<\/div><!-- .entry-taxonomies -->\n\t<h2 class=\"entry-title\"><a href=\"https:\/\/www.vompd.com\/es\/p-r-04-19-2026-2026-no-empty-chair-teen-driving-safety-campaign-april-20th-april-24th\/\" rel=\"bookmark\">PR 19\/04\/2026 \u2013 Campa\u00f1a de seguridad vial para adolescentes &quot;Ninguna silla vac\u00eda&quot; 2026, del 20 al 24 de abril<\/a><\/h2>\t<div class=\"entry-meta entry-meta-divider-dot\">\n\t\t\t\t<span class=\"posted-on\">\n\t\t\t\t<time class=\"entry-date published\" datetime=\"2026-04-16T08:19:55-04:00\">16 de abril de 2026<\/time><time class=\"updated\" datetime=\"2026-04-16T08:21:10-04:00\">16 de abril de 2026<\/time>\t\t\t<\/span>\n\t\t\t\t<\/div><!-- .entry-meta -->\n\t<\/header><!-- .entry-header -->\n\t<div class=\"entry-summary\">\n\t\t\t<\/div><!-- .entry-summary -->\n\t<footer class=\"entry-footer\">\n\t\t\t<div class=\"entry-actions\">\n\t\t\t<p class=\"more-link-wrap\">\n\t\t\t\t<a href=\"https:\/\/www.vompd.com\/es\/p-r-04-19-2026-2026-no-empty-chair-teen-driving-safety-campaign-april-20th-april-24th\/\" class=\"post-more-link\">\n\t\t\t\t\tLeer m\u00e1s<span class=\"screen-reader-text\"> PR 19\/04\/2026 \u2013 Campa\u00f1a de seguridad vial para adolescentes &quot;Ninguna silla vac\u00eda&quot; 2026, del 20 al 24 de abril<\/span><span class=\"kadence-svg-iconset svg-baseline\"><svg aria-hidden=\"true\" class=\"kadence-svg-icon kadence-arrow-right-alt-svg\" fill=\"currentColor\" version=\"1.1\" xmlns=\"http:\/\/www.w3.org\/2000\/svg\" width=\"27\" height=\"28\" viewbox=\"0 0 27 28\"><title>Continuar<\/title><path d=\"M27 13.953c0 0.141-0.063 0.281-0.156 0.375l-6 5.531c-0.156 0.141-0.359 0.172-0.547 0.094-0.172-0.078-0.297-0.25-0.297-0.453v-3.5h-19.5c-0.281 0-0.5-0.219-0.5-0.5v-3c0-0.281 0.219-0.5 0.5-0.5h19.5v-3.5c0-0.203 0.109-0.375 0.297-0.453s0.391-0.047 0.547 0.078l6 5.469c0.094 0.094 0.156 0.219 0.156 0.359v0z\"><\/path>\n\t\t\t<\/svg><\/span>\t\t\t\t<\/a>\n\t\t\t<\/p>\n\t\t<\/div><!-- .entry-actions -->\n\t\t<\/footer><!-- .entry-footer -->\t<\/div>\n<\/article>\n<article class=\"entry content-bg loop-entry post-3884 post type-post status-publish format-standard hentry category-press-release\">\n\t\t<div class=\"entry-content-wrap\">\n\t\t<header class=\"entry-header\">\n\t\t<div class=\"entry-taxonomies\">\n\t\t<span class=\"category-links term-links category-style-pill\">\n\t\t\t<a href=\"https:\/\/www.vompd.com\/es\/category\/press-release\/\" class=\"category-link-press-release\" rel=\"tag\">Presione soltar<\/a>\t\t<\/span>\n\t<\/div><!-- .entry-taxonomies -->\n\t<h2 class=\"entry-title\"><a href=\"https:\/\/www.vompd.com\/es\/pr-04-01-2026-counterfeit-cash-dangerous-flight-and-a-coordinated-arrest-vmpd-investigation-leads-to-suspects-capture\/\" rel=\"bookmark\">PR 04\/01\/2026 \u2013 Dinero falsificado, fuga peligrosa y arresto coordinado: la investigaci\u00f3n del VMPD conduce a la captura del sospechoso.<\/a><\/h2>\t<div class=\"entry-meta entry-meta-divider-dot\">\n\t\t\t\t<span class=\"posted-on\">\n\t\t\t\t<time class=\"entry-date published\" datetime=\"2026-04-02T08:47:15-04:00\">2 de abril de 2026<\/time><time class=\"updated\" datetime=\"2026-04-02T08:47:16-04:00\">2 de abril de 2026<\/time>\t\t\t<\/span>\n\t\t\t\t<\/div><!-- .entry-meta -->\n\t<\/header><!-- .entry-header -->\n\t<div class=\"entry-summary\">\n\t\t\t<\/div><!-- .entry-summary -->\n\t<footer class=\"entry-footer\">\n\t\t\t<div class=\"entry-actions\">\n\t\t\t<p class=\"more-link-wrap\">\n\t\t\t\t<a href=\"https:\/\/www.vompd.com\/es\/pr-04-01-2026-counterfeit-cash-dangerous-flight-and-a-coordinated-arrest-vmpd-investigation-leads-to-suspects-capture\/\" class=\"post-more-link\">\n\t\t\t\t\tLeer m\u00e1s<span class=\"screen-reader-text\"> PR 04\/01\/2026 \u2013 Dinero falsificado, fuga peligrosa y arresto coordinado: la investigaci\u00f3n del VMPD conduce a la captura del sospechoso.<\/span><span class=\"kadence-svg-iconset svg-baseline\"><svg aria-hidden=\"true\" class=\"kadence-svg-icon kadence-arrow-right-alt-svg\" fill=\"currentColor\" version=\"1.1\" xmlns=\"http:\/\/www.w3.org\/2000\/svg\" width=\"27\" height=\"28\" viewbox=\"0 0 27 28\"><title>Continuar<\/title><path d=\"M27 13.953c0 0.141-0.063 0.281-0.156 0.375l-6 5.531c-0.156 0.141-0.359 0.172-0.547 0.094-0.172-0.078-0.297-0.25-0.297-0.453v-3.5h-19.5c-0.281 0-0.5-0.219-0.5-0.5v-3c0-0.281 0.219-0.5 0.5-0.5h19.5v-3.5c0-0.203 0.109-0.375 0.297-0.453s0.391-0.047 0.547 0.078l6 5.469c0.094 0.094 0.156 0.219 0.156 0.359v0z\"><\/path>\n\t\t\t<\/svg><\/span>\t\t\t\t<\/a>\n\t\t\t<\/p>\n\t\t<\/div><!-- .entry-actions -->\n\t\t<\/footer><!-- .entry-footer -->\t<\/div>\n<\/article>\n<article class=\"entry content-bg loop-entry post-3882 post type-post status-publish format-standard hentry category-press-release\">\n\t\t<div class=\"entry-content-wrap\">\n\t\t<header class=\"entry-header\">\n\t\t<div class=\"entry-taxonomies\">\n\t\t<span class=\"category-links term-links category-style-pill\">\n\t\t\t<a href=\"https:\/\/www.vompd.com\/es\/category\/press-release\/\" class=\"category-link-press-release\" rel=\"tag\">Presione soltar<\/a>\t\t<\/span>\n\t<\/div><!-- .entry-taxonomies -->\n\t<h2 class=\"entry-title\"><a href=\"https:\/\/www.vompd.com\/es\/pr-04-01-2026-rock-solid-police-work-joint-operation-leads-to-arrest-in-giant-quartz-sculpture-theft\/\" rel=\"bookmark\">PR 04\/01\/2026 \u2013 Excelente trabajo policial: Operaci\u00f3n conjunta culmina en la detenci\u00f3n de un responsable del robo de una escultura gigante de cuarzo.<\/a><\/h2>\t<div class=\"entry-meta entry-meta-divider-dot\">\n\t\t\t\t<span class=\"posted-on\">\n\t\t\t\t<time class=\"entry-date published\" datetime=\"2026-04-02T08:45:15-04:00\">2 de abril de 2026<\/time><time class=\"updated\" datetime=\"2026-04-02T08:45:16-04:00\">2 de abril de 2026<\/time>\t\t\t<\/span>\n\t\t\t\t<\/div><!-- .entry-meta -->\n\t<\/header><!-- .entry-header -->\n\t<div class=\"entry-summary\">\n\t\t\t<\/div><!-- .entry-summary -->\n\t<footer class=\"entry-footer\">\n\t\t\t<div class=\"entry-actions\">\n\t\t\t<p class=\"more-link-wrap\">\n\t\t\t\t<a href=\"https:\/\/www.vompd.com\/es\/pr-04-01-2026-rock-solid-police-work-joint-operation-leads-to-arrest-in-giant-quartz-sculpture-theft\/\" class=\"post-more-link\">\n\t\t\t\t\tLeer m\u00e1s<span class=\"screen-reader-text\"> PR 04\/01\/2026 \u2013 Excelente trabajo policial: Operaci\u00f3n conjunta culmina en la detenci\u00f3n de un responsable del robo de una escultura gigante de cuarzo.<\/span><span class=\"kadence-svg-iconset svg-baseline\"><svg aria-hidden=\"true\" class=\"kadence-svg-icon kadence-arrow-right-alt-svg\" fill=\"currentColor\" version=\"1.1\" xmlns=\"http:\/\/www.w3.org\/2000\/svg\" width=\"27\" height=\"28\" viewbox=\"0 0 27 28\"><title>Continuar<\/title><path d=\"M27 13.953c0 0.141-0.063 0.281-0.156 0.375l-6 5.531c-0.156 0.141-0.359 0.172-0.547 0.094-0.172-0.078-0.297-0.25-0.297-0.453v-3.5h-19.5c-0.281 0-0.5-0.219-0.5-0.5v-3c0-0.281 0.219-0.5 0.5-0.5h19.5v-3.5c0-0.203 0.109-0.375 0.297-0.453s0.391-0.047 0.547 0.078l6 5.469c0.094 0.094 0.156 0.219 0.156 0.359v0z\"><\/path>\n\t\t\t<\/svg><\/span>\t\t\t\t<\/a>\n\t\t\t<\/p>\n\t\t<\/div><!-- .entry-actions -->\n\t\t<\/footer><!-- .entry-footer -->\t<\/div>\n<\/article>\n<article class=\"entry content-bg loop-entry post-3867 post type-post status-publish format-standard hentry category-press-release\">\n\t\t<div class=\"entry-content-wrap\">\n\t\t<header class=\"entry-header\">\n\t\t<div class=\"entry-taxonomies\">\n\t\t<span class=\"category-links term-links category-style-pill\">\n\t\t\t<a href=\"https:\/\/www.vompd.com\/es\/category\/press-release\/\" class=\"category-link-press-release\" rel=\"tag\">Presione soltar<\/a>\t\t<\/span>\n\t<\/div><!-- .entry-taxonomies -->\n\t<h2 class=\"entry-title\"><a href=\"https:\/\/www.vompd.com\/es\/p-r-03-14-2026-18-year-old-student-arrested-after-assaulting-a-15-year-old-student-off-campus\/\" rel=\"bookmark\">PR 14\/03\/2026 \u2013 Estudiante de 18 a\u00f1os arrestado tras agredir a un estudiante de 15 a\u00f1os fuera del campus.<\/a><\/h2>\t<div class=\"entry-meta entry-meta-divider-dot\">\n\t\t\t\t<span class=\"posted-on\">\n\t\t\t\t<time class=\"entry-date published\" datetime=\"2026-03-16T08:25:32-04:00\">16 de marzo de 2026<\/time><time class=\"updated\" datetime=\"2026-03-16T08:28:31-04:00\">16 de marzo de 2026<\/time>\t\t\t<\/span>\n\t\t\t\t<\/div><!-- .entry-meta -->\n\t<\/header><!-- .entry-header -->\n\t<div class=\"entry-summary\">\n\t\t\t<\/div><!-- .entry-summary -->\n\t<footer class=\"entry-footer\">\n\t\t\t<div class=\"entry-actions\">\n\t\t\t<p class=\"more-link-wrap\">\n\t\t\t\t<a href=\"https:\/\/www.vompd.com\/es\/p-r-03-14-2026-18-year-old-student-arrested-after-assaulting-a-15-year-old-student-off-campus\/\" class=\"post-more-link\">\n\t\t\t\t\tLeer m\u00e1s<span class=\"screen-reader-text\"> PR 14\/03\/2026 \u2013 Estudiante de 18 a\u00f1os arrestado tras agredir a un estudiante de 15 a\u00f1os fuera del campus.<\/span><span class=\"kadence-svg-iconset svg-baseline\"><svg aria-hidden=\"true\" class=\"kadence-svg-icon kadence-arrow-right-alt-svg\" fill=\"currentColor\" version=\"1.1\" xmlns=\"http:\/\/www.w3.org\/2000\/svg\" width=\"27\" height=\"28\" viewbox=\"0 0 27 28\"><title>Continuar<\/title><path d=\"M27 13.953c0 0.141-0.063 0.281-0.156 0.375l-6 5.531c-0.156 0.141-0.359 0.172-0.547 0.094-0.172-0.078-0.297-0.25-0.297-0.453v-3.5h-19.5c-0.281 0-0.5-0.219-0.5-0.5v-3c0-0.281 0.219-0.5 0.5-0.5h19.5v-3.5c0-0.203 0.109-0.375 0.297-0.453s0.391-0.047 0.547 0.078l6 5.469c0.094 0.094 0.156 0.219 0.156 0.359v0z\"><\/path>\n\t\t\t<\/svg><\/span>\t\t\t\t<\/a>\n\t\t\t<\/p>\n\t\t<\/div><!-- .entry-actions -->\n\t\t<\/footer><!-- .entry-footer -->\t<\/div>\n<\/article>\n<article class=\"entry content-bg loop-entry post-3832 post type-post status-publish format-standard hentry category-press-release\">\n\t\t<div class=\"entry-content-wrap\">\n\t\t<header class=\"entry-header\">\n\t\t<div class=\"entry-taxonomies\">\n\t\t<span class=\"category-links term-links category-style-pill\">\n\t\t\t<a href=\"https:\/\/www.vompd.com\/es\/category\/press-release\/\" class=\"category-link-press-release\" rel=\"tag\">Presione soltar<\/a>\t\t<\/span>\n\t<\/div><!-- .entry-taxonomies -->\n\t<h2 class=\"entry-title\"><a href=\"https:\/\/www.vompd.com\/es\/p-r-02-16-2026-police-officers-rescue-four-including-an-infant-from-the-second-story-of-a-house-fire\/\" rel=\"bookmark\">PR 16\/02\/2026 \u2013 Agentes de polic\u00eda rescatan a cuatro personas, entre ellas un beb\u00e9, del segundo piso de una vivienda en llamas.<\/a><\/h2>\t<div class=\"entry-meta entry-meta-divider-dot\">\n\t\t\t\t<span class=\"posted-on\">\n\t\t\t\t<time class=\"entry-date published\" datetime=\"2026-02-17T08:27:49-05:00\">17 de febrero de 2026<\/time><time class=\"updated\" datetime=\"2026-02-17T08:27:50-05:00\">17 de febrero de 2026<\/time>\t\t\t<\/span>\n\t\t\t\t<\/div><!-- .entry-meta -->\n\t<\/header><!-- .entry-header -->\n\t<div class=\"entry-summary\">\n\t\t\t<\/div><!-- .entry-summary -->\n\t<footer class=\"entry-footer\">\n\t\t\t<div class=\"entry-actions\">\n\t\t\t<p class=\"more-link-wrap\">\n\t\t\t\t<a href=\"https:\/\/www.vompd.com\/es\/p-r-02-16-2026-police-officers-rescue-four-including-an-infant-from-the-second-story-of-a-house-fire\/\" class=\"post-more-link\">\n\t\t\t\t\tLeer m\u00e1s<span class=\"screen-reader-text\"> PR 16\/02\/2026 \u2013 Agentes de polic\u00eda rescatan a cuatro personas, entre ellas un beb\u00e9, del segundo piso de una vivienda en llamas.<\/span><span class=\"kadence-svg-iconset svg-baseline\"><svg aria-hidden=\"true\" class=\"kadence-svg-icon kadence-arrow-right-alt-svg\" fill=\"currentColor\" version=\"1.1\" xmlns=\"http:\/\/www.w3.org\/2000\/svg\" width=\"27\" height=\"28\" viewbox=\"0 0 27 28\"><title>Continuar<\/title><path d=\"M27 13.953c0 0.141-0.063 0.281-0.156 0.375l-6 5.531c-0.156 0.141-0.359 0.172-0.547 0.094-0.172-0.078-0.297-0.25-0.297-0.453v-3.5h-19.5c-0.281 0-0.5-0.219-0.5-0.5v-3c0-0.281 0.219-0.5 0.5-0.5h19.5v-3.5c0-0.203 0.109-0.375 0.297-0.453s0.391-0.047 0.547 0.078l6 5.469c0.094 0.094 0.156 0.219 0.156 0.359v0z\"><\/path>\n\t\t\t<\/svg><\/span>\t\t\t\t<\/a>\n\t\t\t<\/p>\n\t\t<\/div><!-- .entry-actions -->\n\t\t<\/footer><!-- .entry-footer -->\t<\/div>\n<\/article>\n<article class=\"entry content-bg loop-entry post-3829 post type-post status-publish format-standard hentry category-press-release\">\n\t\t<div class=\"entry-content-wrap\">\n\t\t<header class=\"entry-header\">\n\t\t<div class=\"entry-taxonomies\">\n\t\t<span class=\"category-links term-links category-style-pill\">\n\t\t\t<a href=\"https:\/\/www.vompd.com\/es\/category\/press-release\/\" class=\"category-link-press-release\" rel=\"tag\">Presione soltar<\/a>\t\t<\/span>\n\t<\/div><!-- .entry-taxonomies -->\n\t<h2 class=\"entry-title\"><a href=\"https:\/\/www.vompd.com\/es\/pr-02-12-2026-firearm-possession-arrest\/\" rel=\"bookmark\">PR 02\/12\/2026 \u2013 Arresto por posesi\u00f3n de arma de fuego<\/a><\/h2>\t<div class=\"entry-meta entry-meta-divider-dot\">\n\t\t\t\t<span class=\"posted-on\">\n\t\t\t\t<time class=\"entry-date published\" datetime=\"2026-02-12T15:37:30-05:00\">12 de febrero de 2026<\/time><time class=\"updated\" datetime=\"2026-03-16T08:26:26-04:00\">16 de marzo de 2026<\/time>\t\t\t<\/span>\n\t\t\t\t<\/div><!-- .entry-meta -->\n\t<\/header><!-- .entry-header -->\n\t<div class=\"entry-summary\">\n\t\t\t<\/div><!-- .entry-summary -->\n\t<footer class=\"entry-footer\">\n\t\t\t<div class=\"entry-actions\">\n\t\t\t<p class=\"more-link-wrap\">\n\t\t\t\t<a href=\"https:\/\/www.vompd.com\/es\/pr-02-12-2026-firearm-possession-arrest\/\" class=\"post-more-link\">\n\t\t\t\t\tLeer m\u00e1s<span class=\"screen-reader-text\"> PR 02\/12\/2026 \u2013 Arresto por posesi\u00f3n de arma de fuego<\/span><span class=\"kadence-svg-iconset svg-baseline\"><svg aria-hidden=\"true\" class=\"kadence-svg-icon kadence-arrow-right-alt-svg\" fill=\"currentColor\" version=\"1.1\" xmlns=\"http:\/\/www.w3.org\/2000\/svg\" width=\"27\" height=\"28\" viewbox=\"0 0 27 28\"><title>Continuar<\/title><path d=\"M27 13.953c0 0.141-0.063 0.281-0.156 0.375l-6 5.531c-0.156 0.141-0.359 0.172-0.547 0.094-0.172-0.078-0.297-0.25-0.297-0.453v-3.5h-19.5c-0.281 0-0.5-0.219-0.5-0.5v-3c0-0.281 0.219-0.5 0.5-0.5h19.5v-3.5c0-0.203 0.109-0.375 0.297-0.453s0.391-0.047 0.547 0.078l6 5.469c0.094 0.094 0.156 0.219 0.156 0.359v0z\"><\/path>\n\t\t\t<\/svg><\/span>\t\t\t\t<\/a>\n\t\t\t<\/p>\n\t\t<\/div><!-- .entry-actions -->\n\t\t<\/footer><!-- .entry-footer -->\t<\/div>\n<\/article>\n<\/div>\n\n\n<p class=\"has-text-align-right has-medium-font-size\" style=\"margin-top:var(--wp--preset--spacing--30);margin-bottom:var(--wp--preset--spacing--30)\"><a href=\"https:\/\/www.vompd.com\/es\/category\/press-release\/\" data-type=\"category\" data-id=\"4\"><strong>Ver todos los comunicados de prensa<\/strong><\/a><\/p>\n<\/div><\/div>\n\n\n\n<div class=\"wp-block-group has-theme-palette-7-background-color has-background\"><div class=\"wp-block-group__inner-container is-layout-constrained wp-block-group-is-layout-constrained\">\n<h2 class=\"wp-block-heading\"><a href=\"https:\/\/www.vompd.com\/es\/category\/events\/\" data-type=\"category\" data-id=\"5\">Eventos<\/a><\/h2>\n\n\n<div class=\"wp-block-kadence-posts kb-posts kb-posts-id-191_0258eb-fb content-wrap grid-cols kb-posts-style-boxed grid-sm-col-2 grid-lg-col-3 item-image-style-above\"><article class=\"entry content-bg loop-entry post-3774 post type-post status-publish format-standard hentry category-events\">\n\t\t<div class=\"entry-content-wrap\">\n\t\t<header class=\"entry-header\">\n\t\t<div class=\"entry-taxonomies\">\n\t\t<span class=\"category-links term-links category-style-pill\">\n\t\t\t<a href=\"https:\/\/www.vompd.com\/es\/category\/events\/\" class=\"category-link-events\" rel=\"tag\">Eventos<\/a>\t\t<\/span>\n\t<\/div><!-- .entry-taxonomies -->\n\t<h2 class=\"entry-title\"><a href=\"https:\/\/www.vompd.com\/es\/village-of-mamaroneck-candy-cane-run-12-06-2025\/\" rel=\"bookmark\">Carrera de bastones de caramelo en la aldea de Mamaroneck \u2013 12\/06\/2025<\/a><\/h2>\t<div class=\"entry-meta entry-meta-divider-dot\">\n\t\t\t\t<span class=\"posted-on\">\n\t\t\t\t<time class=\"entry-date published updated\" datetime=\"2025-10-29T11:00:27-04:00\">29 de octubre de 2025<\/time>\t\t\t<\/span>\n\t\t\t\t<\/div><!-- .entry-meta -->\n\t<\/header><!-- .entry-header -->\n\t<div class=\"entry-summary\">\n\t\t\t<\/div><!-- .entry-summary -->\n\t<footer class=\"entry-footer\">\n\t\t\t<div class=\"entry-actions\">\n\t\t\t<p class=\"more-link-wrap\">\n\t\t\t\t<a href=\"https:\/\/www.vompd.com\/es\/village-of-mamaroneck-candy-cane-run-12-06-2025\/\" class=\"post-more-link\">\n\t\t\t\t\tLeer m\u00e1s<span class=\"screen-reader-text\"> Carrera de bastones de caramelo en la aldea de Mamaroneck \u2013 12\/06\/2025<\/span><span class=\"kadence-svg-iconset svg-baseline\"><svg aria-hidden=\"true\" class=\"kadence-svg-icon kadence-arrow-right-alt-svg\" fill=\"currentColor\" version=\"1.1\" xmlns=\"http:\/\/www.w3.org\/2000\/svg\" width=\"27\" height=\"28\" viewbox=\"0 0 27 28\"><title>Continuar<\/title><path d=\"M27 13.953c0 0.141-0.063 0.281-0.156 0.375l-6 5.531c-0.156 0.141-0.359 0.172-0.547 0.094-0.172-0.078-0.297-0.25-0.297-0.453v-3.5h-19.5c-0.281 0-0.5-0.219-0.5-0.5v-3c0-0.281 0.219-0.5 0.5-0.5h19.5v-3.5c0-0.203 0.109-0.375 0.297-0.453s0.391-0.047 0.547 0.078l6 5.469c0.094 0.094 0.156 0.219 0.156 0.359v0z\"><\/path>\n\t\t\t<\/svg><\/span>\t\t\t\t<\/a>\n\t\t\t<\/p>\n\t\t<\/div><!-- .entry-actions -->\n\t\t<\/footer><!-- .entry-footer -->\t<\/div>\n<\/article>\n<article class=\"entry content-bg loop-entry post-3755 post type-post status-publish format-standard hentry category-events\">\n\t\t<div class=\"entry-content-wrap\">\n\t\t<header class=\"entry-header\">\n\t\t<div class=\"entry-taxonomies\">\n\t\t<span class=\"category-links term-links category-style-pill\">\n\t\t\t<a href=\"https:\/\/www.vompd.com\/es\/category\/events\/\" class=\"category-link-events\" rel=\"tag\">Eventos<\/a>\t\t<\/span>\n\t<\/div><!-- .entry-taxonomies -->\n\t<h2 class=\"entry-title\"><a href=\"https:\/\/www.vompd.com\/es\/car-seat-check-event-results-10-01-2025\/\" rel=\"bookmark\">Resultados del evento de revisi\u00f3n de sillas de coche para ni\u00f1os \u2013 10\/01\/2025<\/a><\/h2>\t<div class=\"entry-meta entry-meta-divider-dot\">\n\t\t\t\t<span class=\"posted-on\">\n\t\t\t\t<time class=\"entry-date published\" datetime=\"2025-10-01T13:56:23-04:00\">1 de octubre de 2025<\/time><time class=\"updated\" datetime=\"2025-10-01T15:02:07-04:00\">1 de octubre de 2025<\/time>\t\t\t<\/span>\n\t\t\t\t<\/div><!-- .entry-meta -->\n\t<\/header><!-- .entry-header -->\n\t<div class=\"entry-summary\">\n\t\t\t<\/div><!-- .entry-summary -->\n\t<footer class=\"entry-footer\">\n\t\t\t<div class=\"entry-actions\">\n\t\t\t<p class=\"more-link-wrap\">\n\t\t\t\t<a href=\"https:\/\/www.vompd.com\/es\/car-seat-check-event-results-10-01-2025\/\" class=\"post-more-link\">\n\t\t\t\t\tLeer m\u00e1s<span class=\"screen-reader-text\"> Resultados del evento de revisi\u00f3n de sillas de coche para ni\u00f1os \u2013 10\/01\/2025<\/span><span class=\"kadence-svg-iconset svg-baseline\"><svg aria-hidden=\"true\" class=\"kadence-svg-icon kadence-arrow-right-alt-svg\" fill=\"currentColor\" version=\"1.1\" xmlns=\"http:\/\/www.w3.org\/2000\/svg\" width=\"27\" height=\"28\" viewbox=\"0 0 27 28\"><title>Continuar<\/title><path d=\"M27 13.953c0 0.141-0.063 0.281-0.156 0.375l-6 5.531c-0.156 0.141-0.359 0.172-0.547 0.094-0.172-0.078-0.297-0.25-0.297-0.453v-3.5h-19.5c-0.281 0-0.5-0.219-0.5-0.5v-3c0-0.281 0.219-0.5 0.5-0.5h19.5v-3.5c0-0.203 0.109-0.375 0.297-0.453s0.391-0.047 0.547 0.078l6 5.469c0.094 0.094 0.156 0.219 0.156 0.359v0z\"><\/path>\n\t\t\t<\/svg><\/span>\t\t\t\t<\/a>\n\t\t\t<\/p>\n\t\t<\/div><!-- .entry-actions -->\n\t\t<\/footer><!-- .entry-footer -->\t<\/div>\n<\/article>\n<article class=\"entry content-bg loop-entry post-3752 post type-post status-publish format-standard hentry category-events\">\n\t\t<div class=\"entry-content-wrap\">\n\t\t<header class=\"entry-header\">\n\t\t<div class=\"entry-taxonomies\">\n\t\t<span class=\"category-links term-links category-style-pill\">\n\t\t\t<a href=\"https:\/\/www.vompd.com\/es\/category\/events\/\" class=\"category-link-events\" rel=\"tag\">Eventos<\/a>\t\t<\/span>\n\t<\/div><!-- .entry-taxonomies -->\n\t<h2 class=\"entry-title\"><a href=\"https:\/\/www.vompd.com\/es\/car-seat-check-event-09-29-2025\/\" rel=\"bookmark\">Jornada de revisi\u00f3n de sillas de coche para ni\u00f1os \u2013 29\/09\/2025<\/a><\/h2>\t<div class=\"entry-meta entry-meta-divider-dot\">\n\t\t\t\t<span class=\"posted-on\">\n\t\t\t\t<time class=\"entry-date published\" datetime=\"2025-09-22T11:38:01-04:00\">22 de septiembre de 2025<\/time><time class=\"updated\" datetime=\"2025-09-22T11:41:02-04:00\">22 de septiembre de 2025<\/time>\t\t\t<\/span>\n\t\t\t\t<\/div><!-- .entry-meta -->\n\t<\/header><!-- .entry-header -->\n\t<div class=\"entry-summary\">\n\t\t\t<\/div><!-- .entry-summary -->\n\t<footer class=\"entry-footer\">\n\t\t\t<div class=\"entry-actions\">\n\t\t\t<p class=\"more-link-wrap\">\n\t\t\t\t<a href=\"https:\/\/www.vompd.com\/es\/car-seat-check-event-09-29-2025\/\" class=\"post-more-link\">\n\t\t\t\t\tLeer m\u00e1s<span class=\"screen-reader-text\"> Jornada de revisi\u00f3n de sillas de coche para ni\u00f1os \u2013 29\/09\/2025<\/span><span class=\"kadence-svg-iconset svg-baseline\"><svg aria-hidden=\"true\" class=\"kadence-svg-icon kadence-arrow-right-alt-svg\" fill=\"currentColor\" version=\"1.1\" xmlns=\"http:\/\/www.w3.org\/2000\/svg\" width=\"27\" height=\"28\" viewbox=\"0 0 27 28\"><title>Continuar<\/title><path d=\"M27 13.953c0 0.141-0.063 0.281-0.156 0.375l-6 5.531c-0.156 0.141-0.359 0.172-0.547 0.094-0.172-0.078-0.297-0.25-0.297-0.453v-3.5h-19.5c-0.281 0-0.5-0.219-0.5-0.5v-3c0-0.281 0.219-0.5 0.5-0.5h19.5v-3.5c0-0.203 0.109-0.375 0.297-0.453s0.391-0.047 0.547 0.078l6 5.469c0.094 0.094 0.156 0.219 0.156 0.359v0z\"><\/path>\n\t\t\t<\/svg><\/span>\t\t\t\t<\/a>\n\t\t\t<\/p>\n\t\t<\/div><!-- .entry-actions -->\n\t\t<\/footer><!-- .entry-footer -->\t<\/div>\n<\/article>\n<article class=\"entry content-bg loop-entry post-3675 post type-post status-publish format-standard has-post-thumbnail hentry category-events\">\n\t\t\t<a class=\"post-thumbnail kadence-thumbnail-ratio-2-3\" href=\"https:\/\/www.vompd.com\/es\/wcpd-cadet-recruitment-event-09-29-2025\/\">\n\t\t\t<div class=\"post-thumbnail-inner\">\n\t\t\t\t<img loading=\"lazy\" decoding=\"async\" width=\"768\" height=\"994\" src=\"https:\/\/www.vompd.com\/wp-content\/uploads\/2025\/09\/WCPD-Police-Cadet-Recruitment-2025-2026-scaled-1-768x994.jpg\" class=\"attachment-medium_large size-medium_large wp-post-image\" alt=\"WCPD Cadet Recruitment Event &#8211; 09\/29\/2025\" srcset=\"https:\/\/www.vompd.com\/wp-content\/uploads\/2025\/09\/WCPD-Police-Cadet-Recruitment-2025-2026-scaled-1-768x994.jpg 768w, https:\/\/www.vompd.com\/wp-content\/uploads\/2025\/09\/WCPD-Police-Cadet-Recruitment-2025-2026-scaled-1-232x300.jpg 232w, https:\/\/www.vompd.com\/wp-content\/uploads\/2025\/09\/WCPD-Police-Cadet-Recruitment-2025-2026-scaled-1-791x1024.jpg 791w, https:\/\/www.vompd.com\/wp-content\/uploads\/2025\/09\/WCPD-Police-Cadet-Recruitment-2025-2026-scaled-1-1186x1536.jpg 1186w, https:\/\/www.vompd.com\/wp-content\/uploads\/2025\/09\/WCPD-Police-Cadet-Recruitment-2025-2026-scaled-1-1582x2048.jpg 1582w, https:\/\/www.vompd.com\/wp-content\/uploads\/2025\/09\/WCPD-Police-Cadet-Recruitment-2025-2026-scaled-1.jpg 1977w\" sizes=\"auto, (max-width: 768px) 100vw, 768px\" \/>\t\t\t<\/div>\n\t\t<\/a><!-- .post-thumbnail -->\n\t\t\t<div class=\"entry-content-wrap\">\n\t\t<header class=\"entry-header\">\n\t\t<div class=\"entry-taxonomies\">\n\t\t<span class=\"category-links term-links category-style-pill\">\n\t\t\t<a href=\"https:\/\/www.vompd.com\/es\/category\/events\/\" class=\"category-link-events\" rel=\"tag\">Eventos<\/a>\t\t<\/span>\n\t<\/div><!-- .entry-taxonomies -->\n\t<h2 class=\"entry-title\"><a href=\"https:\/\/www.vompd.com\/es\/wcpd-cadet-recruitment-event-09-29-2025\/\" rel=\"bookmark\">Evento de reclutamiento de cadetes del WCPD \u2013 29\/09\/2025<\/a><\/h2>\t<div class=\"entry-meta entry-meta-divider-dot\">\n\t\t\t\t<span class=\"posted-on\">\n\t\t\t\t<time class=\"entry-date published\" datetime=\"2025-09-08T15:12:39-04:00\">8 de septiembre de 2025<\/time><time class=\"updated\" datetime=\"2025-09-08T15:14:18-04:00\">8 de septiembre de 2025<\/time>\t\t\t<\/span>\n\t\t\t\t<\/div><!-- .entry-meta -->\n\t<\/header><!-- .entry-header -->\n\t<div class=\"entry-summary\">\n\t\t<p>\u00danase al Programa de Cadetes de Polic\u00eda del Condado de Westchester y d\u00e9 el primer paso hacia\u2026<\/p>\n\t<\/div><!-- .entry-summary -->\n\t<footer class=\"entry-footer\">\n\t\t\t<div class=\"entry-actions\">\n\t\t\t<p class=\"more-link-wrap\">\n\t\t\t\t<a href=\"https:\/\/www.vompd.com\/es\/wcpd-cadet-recruitment-event-09-29-2025\/\" class=\"post-more-link\">\n\t\t\t\t\tLeer m\u00e1s<span class=\"screen-reader-text\"> Evento de reclutamiento de cadetes del WCPD \u2013 29\/09\/2025<\/span><span class=\"kadence-svg-iconset svg-baseline\"><svg aria-hidden=\"true\" class=\"kadence-svg-icon kadence-arrow-right-alt-svg\" fill=\"currentColor\" version=\"1.1\" xmlns=\"http:\/\/www.w3.org\/2000\/svg\" width=\"27\" height=\"28\" viewbox=\"0 0 27 28\"><title>Continuar<\/title><path d=\"M27 13.953c0 0.141-0.063 0.281-0.156 0.375l-6 5.531c-0.156 0.141-0.359 0.172-0.547 0.094-0.172-0.078-0.297-0.25-0.297-0.453v-3.5h-19.5c-0.281 0-0.5-0.219-0.5-0.5v-3c0-0.281 0.219-0.5 0.5-0.5h19.5v-3.5c0-0.203 0.109-0.375 0.297-0.453s0.391-0.047 0.547 0.078l6 5.469c0.094 0.094 0.156 0.219 0.156 0.359v0z\"><\/path>\n\t\t\t<\/svg><\/span>\t\t\t\t<\/a>\n\t\t\t<\/p>\n\t\t<\/div><!-- .entry-actions -->\n\t\t<\/footer><!-- .entry-footer -->\t<\/div>\n<\/article>\n<article class=\"entry content-bg loop-entry post-3716 post type-post status-publish format-standard hentry category-events\">\n\t\t<div class=\"entry-content-wrap\">\n\t\t<header class=\"entry-header\">\n\t\t<div class=\"entry-taxonomies\">\n\t\t<span class=\"category-links term-links category-style-pill\">\n\t\t\t<a href=\"https:\/\/www.vompd.com\/es\/category\/events\/\" class=\"category-link-events\" rel=\"tag\">Eventos<\/a>\t\t<\/span>\n\t<\/div><!-- .entry-taxonomies -->\n\t<h2 class=\"entry-title\"><a href=\"https:\/\/www.vompd.com\/es\/national-night-out-08-05-2025\/\" rel=\"bookmark\">Noche Nacional de Fiestas \u2013 08\/05\/2025<\/a><\/h2>\t<div class=\"entry-meta entry-meta-divider-dot\">\n\t\t\t\t<span class=\"posted-on\">\n\t\t\t\t<time class=\"entry-date published\" datetime=\"2025-09-08T15:12:10-04:00\">8 de septiembre de 2025<\/time><time class=\"updated\" datetime=\"2025-09-10T15:19:06-04:00\">10 de septiembre de 2025<\/time>\t\t\t<\/span>\n\t\t\t\t<\/div><!-- .entry-meta -->\n\t<\/header><!-- .entry-header -->\n\t<div class=\"entry-summary\">\n\t\t\t<\/div><!-- .entry-summary -->\n\t<footer class=\"entry-footer\">\n\t\t\t<div class=\"entry-actions\">\n\t\t\t<p class=\"more-link-wrap\">\n\t\t\t\t<a href=\"https:\/\/www.vompd.com\/es\/national-night-out-08-05-2025\/\" class=\"post-more-link\">\n\t\t\t\t\tLeer m\u00e1s<span class=\"screen-reader-text\"> Noche Nacional de Fiestas \u2013 08\/05\/2025<\/span><span class=\"kadence-svg-iconset svg-baseline\"><svg aria-hidden=\"true\" class=\"kadence-svg-icon kadence-arrow-right-alt-svg\" fill=\"currentColor\" version=\"1.1\" xmlns=\"http:\/\/www.w3.org\/2000\/svg\" width=\"27\" height=\"28\" viewbox=\"0 0 27 28\"><title>Continuar<\/title><path d=\"M27 13.953c0 0.141-0.063 0.281-0.156 0.375l-6 5.531c-0.156 0.141-0.359 0.172-0.547 0.094-0.172-0.078-0.297-0.25-0.297-0.453v-3.5h-19.5c-0.281 0-0.5-0.219-0.5-0.5v-3c0-0.281 0.219-0.5 0.5-0.5h19.5v-3.5c0-0.203 0.109-0.375 0.297-0.453s0.391-0.047 0.547 0.078l6 5.469c0.094 0.094 0.156 0.219 0.156 0.359v0z\"><\/path>\n\t\t\t<\/svg><\/span>\t\t\t\t<\/a>\n\t\t\t<\/p>\n\t\t<\/div><!-- .entry-actions -->\n\t\t<\/footer><!-- .entry-footer -->\t<\/div>\n<\/article>\n<article class=\"entry content-bg loop-entry post-3714 post type-post status-publish format-standard hentry category-events\">\n\t\t<div class=\"entry-content-wrap\">\n\t\t<header class=\"entry-header\">\n\t\t<div class=\"entry-taxonomies\">\n\t\t<span class=\"category-links term-links category-style-pill\">\n\t\t\t<a href=\"https:\/\/www.vompd.com\/es\/category\/events\/\" class=\"category-link-events\" rel=\"tag\">Eventos<\/a>\t\t<\/span>\n\t<\/div><!-- .entry-taxonomies -->\n\t<h2 class=\"entry-title\"><a href=\"https:\/\/www.vompd.com\/es\/the-blue-envelope-program-06-11-2025\/\" rel=\"bookmark\">El Programa del Sobre Azul \u2013 11\/06\/2025<\/a><\/h2>\t<div class=\"entry-meta entry-meta-divider-dot\">\n\t\t\t\t<span class=\"posted-on\">\n\t\t\t\t<time class=\"entry-date published updated\" datetime=\"2025-09-08T15:11:06-04:00\">8 de septiembre de 2025<\/time>\t\t\t<\/span>\n\t\t\t\t<\/div><!-- .entry-meta -->\n\t<\/header><!-- .entry-header -->\n\t<div class=\"entry-summary\">\n\t\t<p>El Departamento de Polic\u00eda de la Villa de Mamaroneck se enorgullece de participar en una iniciativa estatal\u2026<\/p>\n\t<\/div><!-- .entry-summary -->\n\t<footer class=\"entry-footer\">\n\t\t\t<div class=\"entry-actions\">\n\t\t\t<p class=\"more-link-wrap\">\n\t\t\t\t<a href=\"https:\/\/www.vompd.com\/es\/the-blue-envelope-program-06-11-2025\/\" class=\"post-more-link\">\n\t\t\t\t\tLeer m\u00e1s<span class=\"screen-reader-text\"> El Programa del Sobre Azul \u2013 11\/06\/2025<\/span><span class=\"kadence-svg-iconset svg-baseline\"><svg aria-hidden=\"true\" class=\"kadence-svg-icon kadence-arrow-right-alt-svg\" fill=\"currentColor\" version=\"1.1\" xmlns=\"http:\/\/www.w3.org\/2000\/svg\" width=\"27\" height=\"28\" viewbox=\"0 0 27 28\"><title>Continuar<\/title><path d=\"M27 13.953c0 0.141-0.063 0.281-0.156 0.375l-6 5.531c-0.156 0.141-0.359 0.172-0.547 0.094-0.172-0.078-0.297-0.25-0.297-0.453v-3.5h-19.5c-0.281 0-0.5-0.219-0.5-0.5v-3c0-0.281 0.219-0.5 0.5-0.5h19.5v-3.5c0-0.203 0.109-0.375 0.297-0.453s0.391-0.047 0.547 0.078l6 5.469c0.094 0.094 0.156 0.219 0.156 0.359v0z\"><\/path>\n\t\t\t<\/svg><\/span>\t\t\t\t<\/a>\n\t\t\t<\/p>\n\t\t<\/div><!-- .entry-actions -->\n\t\t<\/footer><!-- .entry-footer -->\t<\/div>\n<\/article>\n<\/div>\n\n\n<p class=\"has-text-align-right has-medium-font-size\" style=\"margin-top:var(--wp--preset--spacing--30);margin-bottom:var(--wp--preset--spacing--30)\"><a href=\"https:\/\/www.vompd.com\/es\/category\/events\/\" data-type=\"category\" data-id=\"5\"><strong>Ver todos los eventos<\/strong><\/a><\/p>\n<\/div><\/div>","protected":false},"excerpt":{"rendered":"<p>News and Events New Posts Public Service Announcements View All Public Service Announcements Press Releases View All Press Releases Events View All Events<\/p>","protected":false},"author":1,"featured_media":0,"parent":0,"menu_order":0,"comment_status":"closed","ping_status":"closed","template":"","meta":{"_kadence_starter_templates_imported_post":false,"_kad_post_transparent":"","_kad_post_title":"","_kad_post_layout":"normal","_kad_post_sidebar_id":"","_kad_post_content_style":"default","_kad_post_vertical_padding":"show","_kad_post_feature":"","_kad_post_feature_position":"","_kad_post_header":false,"_kad_post_footer":false,"footnotes":""},"class_list":["post-191","page","type-page","status-publish","hentry"],"yoast_head":"<!-- This site is optimized with the Yoast SEO plugin v25.9 - https:\/\/yoast.com\/wordpress\/plugins\/seo\/ -->\n<title>News and Events - Village of Mamaroneck Police Department<\/title>\n<meta name=\"robots\" content=\"index, follow, max-snippet:-1, max-image-preview:large, max-video-preview:-1\" \/>\n<link rel=\"canonical\" href=\"https:\/\/www.vompd.com\/es\/news-and-events\/\" \/>\n<meta property=\"og:locale\" content=\"es_ES\" \/>\n<meta property=\"og:type\" content=\"article\" \/>\n<meta property=\"og:title\" content=\"News and Events - Village of Mamaroneck Police Department\" \/>\n<meta property=\"og:description\" content=\"News and Events New Posts Public Service Announcements View All Public Service Announcements Press Releases View All Press Releases Events View All Events\" \/>\n<meta property=\"og:url\" content=\"https:\/\/www.vompd.com\/es\/news-and-events\/\" \/>\n<meta property=\"og:site_name\" content=\"Village of Mamaroneck Police Department\" \/>\n<meta property=\"article:modified_time\" content=\"2026-04-16T12:59:19+00:00\" \/>\n<meta name=\"twitter:card\" content=\"summary_large_image\" \/>\n<meta name=\"twitter:label1\" content=\"Tiempo de lectura\" \/>\n\t<meta name=\"twitter:data1\" content=\"1 minuto\" \/>\n<script type=\"application\/ld+json\" class=\"yoast-schema-graph\">{\"@context\":\"https:\/\/schema.org\",\"@graph\":[{\"@type\":\"WebPage\",\"@id\":\"https:\/\/www.vompd.com\/news-and-events\/\",\"url\":\"https:\/\/www.vompd.com\/news-and-events\/\",\"name\":\"News and Events - Village of Mamaroneck Police Department\",\"isPartOf\":{\"@id\":\"https:\/\/www.vompd.com\/#website\"},\"datePublished\":\"2025-06-18T17:31:52+00:00\",\"dateModified\":\"2026-04-16T12:59:19+00:00\",\"breadcrumb\":{\"@id\":\"https:\/\/www.vompd.com\/news-and-events\/#breadcrumb\"},\"inLanguage\":\"es\",\"potentialAction\":[{\"@type\":\"ReadAction\",\"target\":[\"https:\/\/www.vompd.com\/news-and-events\/\"]}]},{\"@type\":\"BreadcrumbList\",\"@id\":\"https:\/\/www.vompd.com\/news-and-events\/#breadcrumb\",\"itemListElement\":[{\"@type\":\"ListItem\",\"position\":1,\"name\":\"Home\",\"item\":\"https:\/\/www.vompd.com\/\"},{\"@type\":\"ListItem\",\"position\":2,\"name\":\"News and Events\"}]},{\"@type\":\"WebSite\",\"@id\":\"https:\/\/www.vompd.com\/#website\",\"url\":\"https:\/\/www.vompd.com\/\",\"name\":\"Village of Mamaroneck Police Department\",\"description\":\"Vision. Mindfulness. Professionalism. Dedication.\",\"publisher\":{\"@id\":\"https:\/\/www.vompd.com\/#organization\"},\"potentialAction\":[{\"@type\":\"SearchAction\",\"target\":{\"@type\":\"EntryPoint\",\"urlTemplate\":\"https:\/\/www.vompd.com\/?s={search_term_string}\"},\"query-input\":{\"@type\":\"PropertyValueSpecification\",\"valueRequired\":true,\"valueName\":\"search_term_string\"}}],\"inLanguage\":\"es\"},{\"@type\":\"Organization\",\"@id\":\"https:\/\/www.vompd.com\/#organization\",\"name\":\"Village of Mamaroneck Police Department\",\"url\":\"https:\/\/www.vompd.com\/\",\"logo\":{\"@type\":\"ImageObject\",\"inLanguage\":\"es\",\"@id\":\"https:\/\/www.vompd.com\/#\/schema\/logo\/image\/\",\"url\":\"https:\/\/www.vompd.com\/wp-content\/uploads\/2026\/04\/Mamaroneck-Village-P.D.png\",\"contentUrl\":\"https:\/\/www.vompd.com\/wp-content\/uploads\/2026\/04\/Mamaroneck-Village-P.D.png\",\"width\":2000,\"height\":2000,\"caption\":\"Village of Mamaroneck Police Department\"},\"image\":{\"@id\":\"https:\/\/www.vompd.com\/#\/schema\/logo\/image\/\"}}]}<\/script>\n<!-- \/ Yoast SEO plugin. -->","yoast_head_json":{"title":"News and Events - Village of Mamaroneck Police Department","robots":{"index":"index","follow":"follow","max-snippet":"max-snippet:-1","max-image-preview":"max-image-preview:large","max-video-preview":"max-video-preview:-1"},"canonical":"https:\/\/www.vompd.com\/es\/news-and-events\/","og_locale":"es_ES","og_type":"article","og_title":"News and Events - Village of Mamaroneck Police Department","og_description":"News and Events New Posts Public Service Announcements View All Public Service Announcements Press Releases View All Press Releases Events View All Events","og_url":"https:\/\/www.vompd.com\/es\/news-and-events\/","og_site_name":"Village of Mamaroneck Police Department","article_modified_time":"2026-04-16T12:59:19+00:00","twitter_card":"summary_large_image","twitter_misc":{"Tiempo de lectura":"1 minuto"},"schema":{"@context":"https:\/\/schema.org","@graph":[{"@type":"WebPage","@id":"https:\/\/www.vompd.com\/news-and-events\/","url":"https:\/\/www.vompd.com\/news-and-events\/","name":"News and Events - Village of Mamaroneck Police Department","isPartOf":{"@id":"https:\/\/www.vompd.com\/#website"},"datePublished":"2025-06-18T17:31:52+00:00","dateModified":"2026-04-16T12:59:19+00:00","breadcrumb":{"@id":"https:\/\/www.vompd.com\/news-and-events\/#breadcrumb"},"inLanguage":"es","potentialAction":[{"@type":"ReadAction","target":["https:\/\/www.vompd.com\/news-and-events\/"]}]},{"@type":"BreadcrumbList","@id":"https:\/\/www.vompd.com\/news-and-events\/#breadcrumb","itemListElement":[{"@type":"ListItem","position":1,"name":"Home","item":"https:\/\/www.vompd.com\/"},{"@type":"ListItem","position":2,"name":"News and Events"}]},{"@type":"WebSite","@id":"https:\/\/www.vompd.com\/#website","url":"https:\/\/www.vompd.com\/","name":"Departamento de Polic\u00eda de la Villa de Mamaroneck","description":"Visi\u00f3n. Conciencia. Profesionalismo. Dedicaci\u00f3n.","publisher":{"@id":"https:\/\/www.vompd.com\/#organization"},"potentialAction":[{"@type":"SearchAction","target":{"@type":"EntryPoint","urlTemplate":"https:\/\/www.vompd.com\/?s={search_term_string}"},"query-input":{"@type":"PropertyValueSpecification","valueRequired":true,"valueName":"search_term_string"}}],"inLanguage":"es"},{"@type":"Organization","@id":"https:\/\/www.vompd.com\/#organization","name":"Departamento de Polic\u00eda de la Villa de Mamaroneck","url":"https:\/\/www.vompd.com\/","logo":{"@type":"ImageObject","inLanguage":"es","@id":"https:\/\/www.vompd.com\/#\/schema\/logo\/image\/","url":"https:\/\/www.vompd.com\/wp-content\/uploads\/2026\/04\/Mamaroneck-Village-P.D.png","contentUrl":"https:\/\/www.vompd.com\/wp-content\/uploads\/2026\/04\/Mamaroneck-Village-P.D.png","width":2000,"height":2000,"caption":"Village of Mamaroneck Police Department"},"image":{"@id":"https:\/\/www.vompd.com\/#\/schema\/logo\/image\/"}}]}},"_links":{"self":[{"href":"https:\/\/www.vompd.com\/es\/wp-json\/wp\/v2\/pages\/191","targetHints":{"allow":["GET"]}}],"collection":[{"href":"https:\/\/www.vompd.com\/es\/wp-json\/wp\/v2\/pages"}],"about":[{"href":"https:\/\/www.vompd.com\/es\/wp-json\/wp\/v2\/types\/page"}],"author":[{"embeddable":true,"href":"https:\/\/www.vompd.com\/es\/wp-json\/wp\/v2\/users\/1"}],"replies":[{"embeddable":true,"href":"https:\/\/www.vompd.com\/es\/wp-json\/wp\/v2\/comments?post=191"}],"version-history":[{"count":28,"href":"https:\/\/www.vompd.com\/es\/wp-json\/wp\/v2\/pages\/191\/revisions"}],"predecessor-version":[{"id":3910,"href":"https:\/\/www.vompd.com\/es\/wp-json\/wp\/v2\/pages\/191\/revisions\/3910"}],"wp:attachment":[{"href":"https:\/\/www.vompd.com\/es\/wp-json\/wp\/v2\/media?parent=191"}],"curies":[{"name":"wp","href":"https:\/\/api.w.org\/{rel}","templated":true}]}}