{"id":161,"date":"2025-05-07T15:51:18","date_gmt":"2025-05-07T15:51:18","guid":{"rendered":"http:\/\/100.27.51.67\/?page_id=161"},"modified":"2026-04-13T08:30:50","modified_gmt":"2026-04-13T12:30:50","slug":"crime-statistics","status":"publish","type":"page","link":"https:\/\/www.vompd.com\/es\/crime-statistics\/","title":{"rendered":"Estad\u00edsticas de delincuencia"},"content":{"rendered":"<h1 class=\"wp-block-heading has-text-align-center\" style=\"padding-top:var(--wp--preset--spacing--40);padding-bottom:var(--wp--preset--spacing--40)\">Estad\u00edsticas de delincuencia<\/h1>\n\n\n\n<p class=\"has-text-align-center\">Esta p\u00e1gina proporciona estad\u00edsticas actualizadas sobre delincuencia para mantener a los residentes informados e involucrados. Al compartir estos datos, buscamos promover la concienciaci\u00f3n, apoyar las iniciativas de seguridad comunitarias y fomentar la confianza entre los ciudadanos y las fuerzas del orden locales.<\/p>\n\n\n\n<div class=\"wp-block-group has-theme-palette-4-background-color has-background\" style=\"border-radius:20px\"><div class=\"wp-block-group__inner-container is-layout-constrained wp-block-group-is-layout-constrained\">\n<h2 class=\"wp-block-heading has-theme-palette-9-color has-text-color has-link-color wp-elements-8e8d5de7487d7df7a5521eef50ba8d21\">Informes uniformes sobre delitos<\/h2>\n\n\n\n<div class=\"wp-block-file\"><a id=\"wp-block-file--media-fadfa8ae-8adf-495e-938a-348f7f7739b3\" href=\"https:\/\/www.vompd.com\/wp-content\/uploads\/2023\/04\/2021-2022-UCR-Presentation.pdf\">Presentaci\u00f3n de la UCR 2021-2022<\/a><a href=\"https:\/\/www.vompd.com\/wp-content\/uploads\/2023\/04\/2021-2022-UCR-Presentation.pdf\" class=\"wp-block-file__button wp-element-button\" download aria-describedby=\"wp-block-file--media-fadfa8ae-8adf-495e-938a-348f7f7739b3\">Descargar<\/a><\/div>\n\n\n\n<div class=\"wp-block-file\"><a id=\"wp-block-file--media-6ef45bb3-b0a6-4efe-95fc-c27e4ba9beeb\" href=\"https:\/\/www.vompd.com\/wp-content\/uploads\/2024\/03\/2022-2023-UCR-Presentation-1.pdf\">Presentaci\u00f3n de la UCR 2022-2023<\/a><a href=\"https:\/\/www.vompd.com\/wp-content\/uploads\/2024\/03\/2022-2023-UCR-Presentation-1.pdf\" class=\"wp-block-file__button wp-element-button\" download aria-describedby=\"wp-block-file--media-6ef45bb3-b0a6-4efe-95fc-c27e4ba9beeb\">Descargar<\/a><\/div>\n\n\n\n<div class=\"wp-block-file\"><a id=\"wp-block-file--media-7364cf9c-e258-4b1f-9e0f-3ac2b9b247cf\" href=\"https:\/\/www.vompd.com\/wp-content\/uploads\/2025\/05\/2023-2024-UCR-Presentation.pptx\">2023 \u2013 2024 \u2013 Presentaci\u00f3n de la UCR<\/a><a href=\"https:\/\/www.vompd.com\/wp-content\/uploads\/2025\/05\/2023-2024-UCR-Presentation.pptx\" class=\"wp-block-file__button wp-element-button\" download aria-describedby=\"wp-block-file--media-7364cf9c-e258-4b1f-9e0f-3ac2b9b247cf\">Descargar<\/a><\/div>\n\n\n\n<div class=\"wp-block-file\"><a id=\"wp-block-file--media-d9a18a43-056a-47cc-9025-a4edd57359bb\" href=\"https:\/\/www.vompd.com\/wp-content\/uploads\/2026\/04\/2024-2025-UCR-Presentation.pptx\">Presentaci\u00f3n de la UCR 2024-2025<\/a><a href=\"https:\/\/www.vompd.com\/wp-content\/uploads\/2026\/04\/2024-2025-UCR-Presentation.pptx\" class=\"wp-block-file__button wp-element-button\" download aria-describedby=\"wp-block-file--media-d9a18a43-056a-47cc-9025-a4edd57359bb\">Descargar<\/a><\/div>\n<\/div><\/div>\n\n\n\n<div class=\"wp-block-group\" style=\"padding-top:var(--wp--preset--spacing--40);padding-bottom:var(--wp--preset--spacing--40)\"><div class=\"wp-block-group__inner-container is-layout-constrained wp-block-group-is-layout-constrained\">\n<h2 class=\"wp-block-heading\" style=\"padding-top:0;padding-bottom:0\">Tendencia del volumen anual de llamadas (2018\u20132025)<\/h2>\n\n\n<div class=\"visualizer-front-container visualizer-lazy-render\" id=\"chart_wrapper_visualizer-162-1763096320\"><style type=\"text\/css\" name=\"visualizer-custom-css\" id=\"customcss-visualizer-162\">.locker,.locker-loader{position:absolute;top:0;left:0;width:100%;height:100%}.locker{z-index:1000;opacity:.8;background-color:#fff;-ms-filter:\"progid:DXImageTransform.Microsoft.Alpha(Opacity=80)\";filter:alpha(opacity=80)}.locker-loader{z-index:1001;background:url(https:\/\/www.vompd.com\/wp-content\/plugins\/visualizer\/images\/ajax-loader.gif) no-repeat center center}.dt-button{display:none!important}.visualizer-front-container.visualizer-lazy-render{content-visibility: auto;}.google-visualization-controls-categoryfilter label.google-visualization-controls-label {vertical-align: middle;}.google-visualization-controls-categoryfilter li.goog-inline-block {margin: 0 0.2em;}.google-visualization-controls-categoryfilter li {padding: 0 0.2em;}.visualizer-front-container .dataTables_scrollHeadInner{margin: 0 auto;}<\/style><div id=\"visualizer-162-1763096320\" class=\"visualizer-front  visualizer-front-162\"><\/div><!-- Not showing structured data for chart 162 because title is empty --><\/div>\n\n\n\n\n\n<h6 class=\"wp-block-heading has-theme-palette-2-color has-text-color has-link-color wp-elements-99d204680f4f8e33c596ec297961dad8\">Desglose del gr\u00e1fico<\/h6>\n\n\n\n<p>Este gr\u00e1fico ilustra el aumento general del volumen de llamadas durante los \u00faltimos siete a\u00f1os. Partiendo de 14\u00a0292 llamadas en 2018, el volumen creci\u00f3 generalmente cada a\u00f1o, alcanzando un m\u00e1ximo de 18\u00a0436 llamadas en 2024. En 2025, el volumen de llamadas se mantuvo elevado en 18\u00a0044, lo que representa una ligera disminuci\u00f3n con respecto al a\u00f1o anterior, pero a\u00fan significativamente superior a a\u00f1os anteriores del per\u00edodo. El salto m\u00e1s significativo se produjo entre 2020 y 2021, lo que sugiere un posible cambio en la demanda de servicios durante ese tiempo. En general, la tendencia pone de manifiesto un crecimiento sostenido en la actividad de llamadas, lo que refleja una mayor participaci\u00f3n o necesidad de servicios a lo largo del tiempo, incluso con peque\u00f1as fluctuaciones interanuales.<\/p>\n<\/div><\/div>\n\n\n\n<div class=\"wp-block-group\" style=\"padding-top:var(--wp--preset--spacing--40);padding-bottom:var(--wp--preset--spacing--40)\"><div class=\"wp-block-group__inner-container is-layout-constrained wp-block-group-is-layout-constrained\">\n<h2 class=\"wp-block-heading\" style=\"padding-top:0;padding-bottom:0\">Arrestos del VMPD<\/h2>\n\n\n\n<h4 class=\"wp-block-heading\">Todos los arrestos del Departamento de Polic\u00eda Metropolitana de Vancouver (2021-2025)<\/h4>\n\n\n<div class=\"visualizer-front-container visualizer-lazy-render\" id=\"chart_wrapper_visualizer-179-1298847295\"><style type=\"text\/css\" name=\"visualizer-custom-css\" id=\"customcss-visualizer-179\">.locker,.locker-loader{position:absolute;top:0;left:0;width:100%;height:100%}.locker{z-index:1000;opacity:.8;background-color:#fff;-ms-filter:\"progid:DXImageTransform.Microsoft.Alpha(Opacity=80)\";filter:alpha(opacity=80)}.locker-loader{z-index:1001;background:url(https:\/\/www.vompd.com\/wp-content\/plugins\/visualizer\/images\/ajax-loader.gif) no-repeat center center}.dt-button{display:none!important}.visualizer-front-container.visualizer-lazy-render{content-visibility: auto;}.google-visualization-controls-categoryfilter label.google-visualization-controls-label {vertical-align: middle;}.google-visualization-controls-categoryfilter li.goog-inline-block {margin: 0 0.2em;}.google-visualization-controls-categoryfilter li {padding: 0 0.2em;}.visualizer-front-container .dataTables_scrollHeadInner{margin: 0 auto;}<\/style><div id=\"visualizer-179-1298847295\" class=\"visualizer-front  visualizer-front-179\"><\/div><!-- Not showing structured data for chart 179 because title is empty --><\/div>\n\n\n<h6 class=\"wp-block-heading has-theme-palette-2-color has-text-color has-link-color wp-elements-99d204680f4f8e33c596ec297961dad8\">Desglose del gr\u00e1fico<\/h6>\n\n\n\n<p>Este gr\u00e1fico muestra el total anual de arrestos desde 2021 hasta 2025, clasificado por raza y origen \u00e9tnico seg\u00fan lo reportado. Los datos se presentan para ofrecer una perspectiva interanual del n\u00famero de arrestos en los distintos grupos demogr\u00e1ficos.<\/p>\n\n\n\n<h4 class=\"wp-block-heading\">Detenciones por raza y origen \u00e9tnico (2021-2025)<\/h4>\n\n\n<div class=\"visualizer-front-container visualizer-lazy-render\" id=\"chart_wrapper_visualizer-174-746218698\"><style type=\"text\/css\" name=\"visualizer-custom-css\" id=\"customcss-visualizer-174\">.locker,.locker-loader{position:absolute;top:0;left:0;width:100%;height:100%}.locker{z-index:1000;opacity:.8;background-color:#fff;-ms-filter:\"progid:DXImageTransform.Microsoft.Alpha(Opacity=80)\";filter:alpha(opacity=80)}.locker-loader{z-index:1001;background:url(https:\/\/www.vompd.com\/wp-content\/plugins\/visualizer\/images\/ajax-loader.gif) no-repeat center center}.dt-button{display:none!important}.visualizer-front-container.visualizer-lazy-render{content-visibility: auto;}.google-visualization-controls-categoryfilter label.google-visualization-controls-label {vertical-align: middle;}.google-visualization-controls-categoryfilter li.goog-inline-block {margin: 0 0.2em;}.google-visualization-controls-categoryfilter li {padding: 0 0.2em;}.visualizer-front-container .dataTables_scrollHeadInner{margin: 0 auto;}<\/style><div id=\"visualizer-174-746218698\" class=\"visualizer-front  visualizer-front-174\"><\/div><!-- Not showing structured data for chart 174 because title is empty --><\/div>\n\n\n<h6 class=\"wp-block-heading has-theme-palette-2-color has-text-color has-link-color wp-elements-99d204680f4f8e33c596ec297961dad8\">Desglose del gr\u00e1fico<\/h6>\n\n\n\n<p>Este gr\u00e1fico muestra el total anual de arrestos desde 2021 hasta 2025, clasificado por raza y origen \u00e9tnico seg\u00fan lo reportado. Los datos se presentan para ofrecer una perspectiva interanual del n\u00famero de arrestos en los distintos grupos demogr\u00e1ficos.<\/p>\n<\/div><\/div>\n\n\n\n<p><\/p>","protected":false},"excerpt":{"rendered":"<p>Crime Statistics This page provides up-to-date crime statistics to keep residents informed and engaged. By sharing this data, we aim to promote awareness, support community-led safety efforts, and foster trust between citizens and local law enforcement. Uniform Crime Reports Annual Call Volume Trend (2018\u20132025) Chart Breakdown This chart illustrates the overall increase in call volume&#8230;<\/p>","protected":false},"author":1,"featured_media":0,"parent":0,"menu_order":0,"comment_status":"closed","ping_status":"closed","template":"","meta":{"_kadence_starter_templates_imported_post":false,"_kad_post_transparent":"","_kad_post_title":"","_kad_post_layout":"","_kad_post_sidebar_id":"","_kad_post_content_style":"","_kad_post_vertical_padding":"","_kad_post_feature":"","_kad_post_feature_position":"","_kad_post_header":false,"_kad_post_footer":false,"footnotes":""},"class_list":["post-161","page","type-page","status-publish","hentry"],"yoast_head":"<!-- This site is optimized with the Yoast SEO plugin v25.9 - https:\/\/yoast.com\/wordpress\/plugins\/seo\/ -->\n<title>Crime Statistics - Village of Mamaroneck Police Department<\/title>\n<meta name=\"robots\" content=\"index, follow, max-snippet:-1, max-image-preview:large, max-video-preview:-1\" \/>\n<link rel=\"canonical\" href=\"https:\/\/www.vompd.com\/es\/crime-statistics\/\" \/>\n<meta property=\"og:locale\" content=\"es_ES\" \/>\n<meta property=\"og:type\" content=\"article\" \/>\n<meta property=\"og:title\" content=\"Crime Statistics - Village of Mamaroneck Police Department\" \/>\n<meta property=\"og:description\" content=\"Crime Statistics This page provides up-to-date crime statistics to keep residents informed and engaged. By sharing this data, we aim to promote awareness, support community-led safety efforts, and foster trust between citizens and local law enforcement. Uniform Crime Reports Annual Call Volume Trend (2018\u20132025) Chart Breakdown This chart illustrates the overall increase in call volume...\" \/>\n<meta property=\"og:url\" content=\"https:\/\/www.vompd.com\/es\/crime-statistics\/\" \/>\n<meta property=\"og:site_name\" content=\"Village of Mamaroneck Police Department\" \/>\n<meta property=\"article:modified_time\" content=\"2026-04-13T12:30:50+00:00\" \/>\n<meta name=\"twitter:card\" content=\"summary_large_image\" \/>\n<meta name=\"twitter:label1\" content=\"Tiempo de lectura\" \/>\n\t<meta name=\"twitter:data1\" content=\"2 minutos\" \/>\n<script type=\"application\/ld+json\" class=\"yoast-schema-graph\">{\"@context\":\"https:\/\/schema.org\",\"@graph\":[{\"@type\":\"WebPage\",\"@id\":\"https:\/\/www.vompd.com\/crime-statistics\/\",\"url\":\"https:\/\/www.vompd.com\/crime-statistics\/\",\"name\":\"Crime Statistics - Village of Mamaroneck Police Department\",\"isPartOf\":{\"@id\":\"https:\/\/www.vompd.com\/#website\"},\"datePublished\":\"2025-05-07T15:51:18+00:00\",\"dateModified\":\"2026-04-13T12:30:50+00:00\",\"breadcrumb\":{\"@id\":\"https:\/\/www.vompd.com\/crime-statistics\/#breadcrumb\"},\"inLanguage\":\"es\",\"potentialAction\":[{\"@type\":\"ReadAction\",\"target\":[\"https:\/\/www.vompd.com\/crime-statistics\/\"]}]},{\"@type\":\"BreadcrumbList\",\"@id\":\"https:\/\/www.vompd.com\/crime-statistics\/#breadcrumb\",\"itemListElement\":[{\"@type\":\"ListItem\",\"position\":1,\"name\":\"Home\",\"item\":\"https:\/\/www.vompd.com\/\"},{\"@type\":\"ListItem\",\"position\":2,\"name\":\"Crime Statistics\"}]},{\"@type\":\"WebSite\",\"@id\":\"https:\/\/www.vompd.com\/#website\",\"url\":\"https:\/\/www.vompd.com\/\",\"name\":\"Village of Mamaroneck Police Department\",\"description\":\"Vision. Mindfulness. Professionalism. Dedication.\",\"publisher\":{\"@id\":\"https:\/\/www.vompd.com\/#organization\"},\"potentialAction\":[{\"@type\":\"SearchAction\",\"target\":{\"@type\":\"EntryPoint\",\"urlTemplate\":\"https:\/\/www.vompd.com\/?s={search_term_string}\"},\"query-input\":{\"@type\":\"PropertyValueSpecification\",\"valueRequired\":true,\"valueName\":\"search_term_string\"}}],\"inLanguage\":\"es\"},{\"@type\":\"Organization\",\"@id\":\"https:\/\/www.vompd.com\/#organization\",\"name\":\"Village of Mamaroneck Police Department\",\"url\":\"https:\/\/www.vompd.com\/\",\"logo\":{\"@type\":\"ImageObject\",\"inLanguage\":\"es\",\"@id\":\"https:\/\/www.vompd.com\/#\/schema\/logo\/image\/\",\"url\":\"https:\/\/www.vompd.com\/wp-content\/uploads\/2026\/04\/Mamaroneck-Village-P.D.png\",\"contentUrl\":\"https:\/\/www.vompd.com\/wp-content\/uploads\/2026\/04\/Mamaroneck-Village-P.D.png\",\"width\":2000,\"height\":2000,\"caption\":\"Village of Mamaroneck Police Department\"},\"image\":{\"@id\":\"https:\/\/www.vompd.com\/#\/schema\/logo\/image\/\"}}]}<\/script>\n<!-- \/ Yoast SEO plugin. -->","yoast_head_json":{"title":"Crime Statistics - Village of Mamaroneck Police Department","robots":{"index":"index","follow":"follow","max-snippet":"max-snippet:-1","max-image-preview":"max-image-preview:large","max-video-preview":"max-video-preview:-1"},"canonical":"https:\/\/www.vompd.com\/es\/crime-statistics\/","og_locale":"es_ES","og_type":"article","og_title":"Crime Statistics - Village of Mamaroneck Police Department","og_description":"Crime Statistics This page provides up-to-date crime statistics to keep residents informed and engaged. By sharing this data, we aim to promote awareness, support community-led safety efforts, and foster trust between citizens and local law enforcement. Uniform Crime Reports Annual Call Volume Trend (2018\u20132025) Chart Breakdown This chart illustrates the overall increase in call volume...","og_url":"https:\/\/www.vompd.com\/es\/crime-statistics\/","og_site_name":"Village of Mamaroneck Police Department","article_modified_time":"2026-04-13T12:30:50+00:00","twitter_card":"summary_large_image","twitter_misc":{"Tiempo de lectura":"2 minutos"},"schema":{"@context":"https:\/\/schema.org","@graph":[{"@type":"WebPage","@id":"https:\/\/www.vompd.com\/crime-statistics\/","url":"https:\/\/www.vompd.com\/crime-statistics\/","name":"Crime Statistics - Village of Mamaroneck Police Department","isPartOf":{"@id":"https:\/\/www.vompd.com\/#website"},"datePublished":"2025-05-07T15:51:18+00:00","dateModified":"2026-04-13T12:30:50+00:00","breadcrumb":{"@id":"https:\/\/www.vompd.com\/crime-statistics\/#breadcrumb"},"inLanguage":"es","potentialAction":[{"@type":"ReadAction","target":["https:\/\/www.vompd.com\/crime-statistics\/"]}]},{"@type":"BreadcrumbList","@id":"https:\/\/www.vompd.com\/crime-statistics\/#breadcrumb","itemListElement":[{"@type":"ListItem","position":1,"name":"Home","item":"https:\/\/www.vompd.com\/"},{"@type":"ListItem","position":2,"name":"Crime Statistics"}]},{"@type":"WebSite","@id":"https:\/\/www.vompd.com\/#website","url":"https:\/\/www.vompd.com\/","name":"Departamento de Polic\u00eda de la Villa de Mamaroneck","description":"Visi\u00f3n. Conciencia. Profesionalismo. Dedicaci\u00f3n.","publisher":{"@id":"https:\/\/www.vompd.com\/#organization"},"potentialAction":[{"@type":"SearchAction","target":{"@type":"EntryPoint","urlTemplate":"https:\/\/www.vompd.com\/?s={search_term_string}"},"query-input":{"@type":"PropertyValueSpecification","valueRequired":true,"valueName":"search_term_string"}}],"inLanguage":"es"},{"@type":"Organization","@id":"https:\/\/www.vompd.com\/#organization","name":"Departamento de Polic\u00eda de la Villa de Mamaroneck","url":"https:\/\/www.vompd.com\/","logo":{"@type":"ImageObject","inLanguage":"es","@id":"https:\/\/www.vompd.com\/#\/schema\/logo\/image\/","url":"https:\/\/www.vompd.com\/wp-content\/uploads\/2026\/04\/Mamaroneck-Village-P.D.png","contentUrl":"https:\/\/www.vompd.com\/wp-content\/uploads\/2026\/04\/Mamaroneck-Village-P.D.png","width":2000,"height":2000,"caption":"Village of Mamaroneck Police Department"},"image":{"@id":"https:\/\/www.vompd.com\/#\/schema\/logo\/image\/"}}]}},"_links":{"self":[{"href":"https:\/\/www.vompd.com\/es\/wp-json\/wp\/v2\/pages\/161","targetHints":{"allow":["GET"]}}],"collection":[{"href":"https:\/\/www.vompd.com\/es\/wp-json\/wp\/v2\/pages"}],"about":[{"href":"https:\/\/www.vompd.com\/es\/wp-json\/wp\/v2\/types\/page"}],"author":[{"embeddable":true,"href":"https:\/\/www.vompd.com\/es\/wp-json\/wp\/v2\/users\/1"}],"replies":[{"embeddable":true,"href":"https:\/\/www.vompd.com\/es\/wp-json\/wp\/v2\/comments?post=161"}],"version-history":[{"count":16,"href":"https:\/\/www.vompd.com\/es\/wp-json\/wp\/v2\/pages\/161\/revisions"}],"predecessor-version":[{"id":3898,"href":"https:\/\/www.vompd.com\/es\/wp-json\/wp\/v2\/pages\/161\/revisions\/3898"}],"wp:attachment":[{"href":"https:\/\/www.vompd.com\/es\/wp-json\/wp\/v2\/media?parent=161"}],"curies":[{"name":"wp","href":"https:\/\/api.w.org\/{rel}","templated":true}]}}